{"id":130,"date":"2023-09-11T18:38:27","date_gmt":"2023-09-11T16:38:27","guid":{"rendered":"https:\/\/dev.web-lab.cz\/?page_id=130"},"modified":"2026-03-08T20:06:04","modified_gmt":"2026-03-08T19:06:04","slug":"akce-a-program","status":"publish","type":"page","link":"https:\/\/malymehrin.cz\/ru\/akce-a-program\/","title":{"rendered":"\u041c\u0435\u0440\u043e\u043f\u0440\u0438\u044f\u0442\u0438\u044f \u0438 \u043f\u0440\u043e\u0433\u0440\u0430\u043c\u043c\u0430"},"content":{"rendered":"\t\t<div data-elementor-type=\"wp-page\" data-elementor-id=\"130\" class=\"elementor elementor-130\" data-elementor-settings=\"{&quot;ha_cmc_init_switcher&quot;:&quot;no&quot;}\" data-elementor-post-type=\"page\">\n\t\t\t\t\t\t<section class=\"elementor-section elementor-top-section elementor-element elementor-element-5ff5c52 elementor-section-boxed elementor-section-height-default elementor-section-height-default wpr-particle-no wpr-jarallax-no wpr-parallax-no wpr-sticky-section-no wpr-equal-height-no\" data-id=\"5ff5c52\" data-element_type=\"section\" data-e-type=\"section\" data-settings=\"{&quot;background_background&quot;:&quot;classic&quot;,&quot;_ha_eqh_enable&quot;:false}\">\n\t\t\t\t\t\t<div class=\"elementor-container elementor-column-gap-no\">\n\t\t\t\t\t<div class=\"elementor-column elementor-col-100 elementor-top-column elementor-element elementor-element-5b32036\" data-id=\"5b32036\" data-element_type=\"column\" data-e-type=\"column\">\n\t\t\t<div class=\"elementor-widget-wrap elementor-element-populated\">\n\t\t\t\t\t\t<div class=\"elementor-element elementor-element-9fdf153 elementor-widget elementor-widget-spacer\" data-id=\"9fdf153\" data-element_type=\"widget\" data-e-type=\"widget\" data-widget_type=\"spacer.default\">\n\t\t\t\t<div class=\"elementor-widget-container\">\n\t\t\t\t\t\t\t<div class=\"elementor-spacer\">\n\t\t\t<div class=\"elementor-spacer-inner\"><\/div>\n\t\t<\/div>\n\t\t\t\t\t\t<\/div>\n\t\t\t\t<\/div>\n\t\t\t\t<div class=\"elementor-element elementor-element-424a030 elementor-widget elementor-widget-heading\" data-id=\"424a030\" data-element_type=\"widget\" data-e-type=\"widget\" data-widget_type=\"heading.default\">\n\t\t\t\t<div class=\"elementor-widget-container\">\n\t\t\t\t\t<h1 class=\"elementor-heading-title elementor-size-default\">Akce a program<\/h1>\t\t\t\t<\/div>\n\t\t\t\t<\/div>\n\t\t\t\t<div class=\"elementor-element elementor-element-34fc808 elementor-grid-1 elementor-grid-tablet-2 elementor-grid-mobile-1 elementor-widget elementor-widget-loop-grid\" data-id=\"34fc808\" data-element_type=\"widget\" data-e-type=\"widget\" data-settings=\"{&quot;template_id&quot;:&quot;3744&quot;,&quot;columns&quot;:1,&quot;_skin&quot;:&quot;post&quot;,&quot;columns_tablet&quot;:&quot;2&quot;,&quot;columns_mobile&quot;:&quot;1&quot;,&quot;edit_handle_selector&quot;:&quot;[data-elementor-type=\\&quot;loop-item\\&quot;]&quot;,&quot;row_gap&quot;:{&quot;unit&quot;:&quot;px&quot;,&quot;size&quot;:&quot;&quot;,&quot;sizes&quot;:[]},&quot;row_gap_tablet&quot;:{&quot;unit&quot;:&quot;px&quot;,&quot;size&quot;:&quot;&quot;,&quot;sizes&quot;:[]},&quot;row_gap_mobile&quot;:{&quot;unit&quot;:&quot;px&quot;,&quot;size&quot;:&quot;&quot;,&quot;sizes&quot;:[]}}\" data-widget_type=\"loop-grid.post\">\n\t\t\t\t<div class=\"elementor-widget-container\">\n\t\t\t\t\t\t\t<div class=\"elementor-loop-container elementor-grid\" role=\"list\">\n\t\t<style id=\"loop-3744\">.elementor-3744 .elementor-element.elementor-element-cad7703.elementor-column > .elementor-widget-wrap{justify-content:flex-start;}.elementor-widget-button .elementor-button{font-family:var( --e-global-typography-accent-font-family ), Sans-serif;font-size:var( --e-global-typography-accent-font-size );font-weight:var( --e-global-typography-accent-font-weight );text-transform:var( --e-global-typography-accent-text-transform );text-decoration:var( --e-global-typography-accent-text-decoration );background-color:var( --e-global-color-accent );}.elementor-3744 .elementor-element.elementor-element-0ce6cc2 .elementor-button-content-wrapper{flex-direction:row-reverse;}.elementor-3744 .elementor-element.elementor-element-0ce6cc2 .elementor-button{font-family:var( --e-global-typography-primary-font-family ), Sans-serif;font-size:var( --e-global-typography-primary-font-size );font-weight:var( --e-global-typography-primary-font-weight );text-transform:var( --e-global-typography-primary-text-transform );text-decoration:var( --e-global-typography-primary-text-decoration );fill:var( --e-global-color-secondary );color:var( --e-global-color-secondary );background-color:var( --e-global-color-primary );border-style:solid;border-width:2px 2px 2px 2px;border-radius:3px 3px 3px 3px;}.elementor-3744 .elementor-element.elementor-element-0ce6cc2 .elementor-button:hover, .elementor-3744 .elementor-element.elementor-element-0ce6cc2 .elementor-button:focus{color:var( --e-global-color-primary );background-color:var( --e-global-color-secondary );border-color:var( --e-global-color-primary );}.elementor-3744 .elementor-element.elementor-element-0ce6cc2 .elementor-button:hover svg, .elementor-3744 .elementor-element.elementor-element-0ce6cc2 .elementor-button:focus svg{fill:var( --e-global-color-primary );}@media(min-width:768px){.elementor-3744 .elementor-element.elementor-element-cad7703{width:100%;}}@media(max-width:1024px){.elementor-widget-button .elementor-button{font-size:var( --e-global-typography-accent-font-size );}.elementor-3744 .elementor-element.elementor-element-0ce6cc2 .elementor-button{font-size:var( --e-global-typography-primary-font-size );}}@media(max-width:767px){.elementor-widget-button .elementor-button{font-size:var( --e-global-typography-accent-font-size );}.elementor-3744 .elementor-element.elementor-element-0ce6cc2 .elementor-button{font-size:var( --e-global-typography-primary-font-size );}}<\/style>\t\t<div data-elementor-type=\"loop-item\" data-elementor-id=\"3744\" class=\"elementor elementor-3744 e-loop-item e-loop-item-3959 post-3959 program-ke-stazeni type-program-ke-stazeni status-publish hentry\" data-elementor-settings=\"{&quot;ha_cmc_init_switcher&quot;:&quot;no&quot;}\" data-elementor-post-type=\"elementor_library\" data-custom-edit-handle=\"1\">\n\t\t\t\t\t<section class=\"elementor-section elementor-top-section elementor-element elementor-element-f914661 elementor-section-full_width elementor-section-height-default elementor-section-height-default wpr-particle-no wpr-jarallax-no wpr-parallax-no wpr-sticky-section-no wpr-equal-height-no\" data-id=\"f914661\" data-element_type=\"section\" data-e-type=\"section\" data-settings=\"{&quot;_ha_eqh_enable&quot;:false}\">\n\t\t\t\t\t\t<div class=\"elementor-container elementor-column-gap-no\">\n\t\t\t\t\t<div class=\"elementor-column elementor-col-100 elementor-top-column elementor-element elementor-element-cad7703\" data-id=\"cad7703\" data-element_type=\"column\" data-e-type=\"column\">\n\t\t\t<div class=\"elementor-widget-wrap elementor-element-populated\">\n\t\t\t\t\t\t<div class=\"elementor-element elementor-element-0ce6cc2 elementor-align-left elementor-widget elementor-widget-button\" data-id=\"0ce6cc2\" data-element_type=\"widget\" data-e-type=\"widget\" data-widget_type=\"button.default\">\n\t\t\t\t<div class=\"elementor-widget-container\">\n\t\t\t\t\t\t\t\t\t<div class=\"elementor-button-wrapper\">\n\t\t\t\t\t<a class=\"elementor-button elementor-button-link elementor-size-sm\" href=\"https:\/\/malymehrin.cz\/wp-content\/uploads\/2026\/04\/PROGRAM-DUBEN-26-logo.docx\">\n\t\t\t\t\t\t<span class=\"elementor-button-content-wrapper\">\n\t\t\t\t\t\t<span class=\"elementor-button-icon\">\n\t\t\t\t<i aria-hidden=\"true\" class=\"fas fa-download\"><\/i>\t\t\t<\/span>\n\t\t\t\t\t\t\t\t\t<span class=\"elementor-button-text\">Program na m\u011bs\u00edc duben<\/span>\n\t\t\t\t\t<\/span>\n\t\t\t\t\t<\/a>\n\t\t\t\t<\/div>\n\t\t\t\t\t\t\t\t<\/div>\n\t\t\t\t<\/div>\n\t\t\t\t\t<\/div>\n\t\t<\/div>\n\t\t\t\t\t<\/div>\n\t\t<\/section>\n\t\t\t\t<\/div>\n\t\t\t\t<\/div>\n\t\t\n\t\t\t\t\t\t<\/div>\n\t\t\t\t<\/div>\n\t\t\t\t<div class=\"elementor-element elementor-element-72753ea elementor-widget elementor-widget-spacer\" data-id=\"72753ea\" data-element_type=\"widget\" data-e-type=\"widget\" data-widget_type=\"spacer.default\">\n\t\t\t\t<div class=\"elementor-widget-container\">\n\t\t\t\t\t\t\t<div class=\"elementor-spacer\">\n\t\t\t<div class=\"elementor-spacer-inner\"><\/div>\n\t\t<\/div>\n\t\t\t\t\t\t<\/div>\n\t\t\t\t<\/div>\n\t\t\t\t<div class=\"elementor-element elementor-element-acac9ba wpr-grid-columns-3 wpr-grid-columns--tablet2 wpr-grid-columns--mobile1 wpr-grid-pagination-center wpr-item-styles-inner elementor-widget elementor-widget-wpr-grid\" data-id=\"acac9ba\" data-element_type=\"widget\" data-e-type=\"widget\" data-widget_type=\"wpr-grid.default\">\n\t\t\t\t<div class=\"elementor-widget-container\">\n\t\t\t\t\t<ul class=\"wpr-grid-filters elementor-clearfix wpr-grid-filters-sep-right\"><li class=\" wpr-pointer-none wpr-pointer-line-fx wpr-pointer-fx-none\"><span  data-filter=\"*\" class=\"wpr-grid-filters-item wpr-active-filter \">All Post<\/span><em class=\"wpr-grid-filters-sep\"><\/em><\/li><li class=\" wpr-pointer-none wpr-pointer-line-fx wpr-pointer-fx-none\"><span   data-ajax-filter=[\"category\",\"nezarazene\"]  data-filter=\".category-nezarazene\">Neza\u0159azen\u00e9<\/span><em class=\"wpr-grid-filters-sep\"><\/em><\/li><\/ul><section class=\"wpr-grid elementor-clearfix\" data-settings=\"{&quot;layout&quot;:&quot;fitRows&quot;,&quot;stick_last_element_to_bottom&quot;:&quot;&quot;,&quot;columns_desktop&quot;:&quot;3&quot;,&quot;gutter_hr&quot;:25,&quot;gutter_hr_mobile&quot;:44,&quot;gutter_hr_mobile_extra&quot;:25,&quot;gutter_hr_tablet&quot;:25,&quot;gutter_hr_tablet_extra&quot;:25,&quot;gutter_hr_laptop&quot;:25,&quot;gutter_hr_widescreen&quot;:25,&quot;gutter_vr&quot;:35,&quot;gutter_vr_mobile&quot;:60,&quot;gutter_vr_mobile_extra&quot;:35,&quot;gutter_vr_tablet&quot;:35,&quot;gutter_vr_tablet_extra&quot;:35,&quot;gutter_vr_laptop&quot;:35,&quot;gutter_vr_widescreen&quot;:35,&quot;animation&quot;:&quot;default&quot;,&quot;animation_duration&quot;:0.3,&quot;animation_delay&quot;:0.1,&quot;deeplinking&quot;:&quot;&quot;,&quot;filters_linkable&quot;:&quot;no&quot;,&quot;filters_default_filter&quot;:&quot;&quot;,&quot;filters_count&quot;:&quot;&quot;,&quot;filters_hide_empty&quot;:&quot;no&quot;,&quot;filters_animation&quot;:&quot;default&quot;,&quot;filters_animation_duration&quot;:0.3,&quot;filters_animation_delay&quot;:0.1,&quot;pagination_type&quot;:&quot;load-more&quot;,&quot;pagination_max_pages&quot;:4,&quot;lightbox&quot;:{&quot;selector&quot;:&quot;.wpr-grid-image-wrap&quot;,&quot;iframeMaxWidth&quot;:&quot;60%&quot;,&quot;hash&quot;:false,&quot;autoplay&quot;:&quot;true&quot;,&quot;pause&quot;:5000,&quot;progressBar&quot;:&quot;true&quot;,&quot;counter&quot;:&quot;true&quot;,&quot;controls&quot;:&quot;true&quot;,&quot;getCaptionFromTitleOrAlt&quot;:&quot;true&quot;,&quot;thumbnail&quot;:&quot;&quot;,&quot;showThumbByDefault&quot;:&quot;&quot;,&quot;share&quot;:&quot;&quot;,&quot;zoom&quot;:&quot;true&quot;,&quot;fullScreen&quot;:&quot;true&quot;,&quot;download&quot;:&quot;true&quot;}}\" data-advanced-filters=\"no\"><article class=\"wpr-grid-item elementor-clearfix post-3975 post type-post status-publish format-standard has-post-thumbnail hentry category-nezarazene\"><div class=\"wpr-grid-item-inner\"><div class=\"wpr-grid-media-wrap wpr-grayscale-in wpr-effect-size-medium \" data-overlay-link=\"yes\"><div class=\"wpr-grid-image-wrap\" data-src=\"https:\/\/malymehrin.cz\/wp-content\/uploads\/elementor\/thumbs\/2025-05-28_VoHl_VH1_8667-scaled-rmhz8nhx7j4xpi8rv40sux9rcmeeuhbsf9b9n36k2o.jpg\" data-img-on-hover=\"\"  data-src-secondary=\"\"><img decoding=\"async\" data-no-lazy=\"1\" src=\"https:\/\/malymehrin.cz\/wp-content\/uploads\/elementor\/thumbs\/2025-05-28_VoHl_VH1_8667-scaled-rmhz8nhx7j4xpi8rv40sux9rcmeeuhbsf9b9n36k2o.jpg\" alt=\"Brn\u011bnsk\u00e1 muzejn\u00ed noc v Mal\u00e9m Mehrinu\" class=\"wpr-anim-timing-ease-default\"><\/div><div class=\"wpr-grid-media-hover wpr-animation-wrap\"><div class=\"wpr-grid-media-hover-bg  wpr-overlay-fade-in wpr-anim-size-large wpr-anim-timing-ease-default wpr-anim-transparency\" data-url=\"https:\/\/malymehrin.cz\/ru\/2026\/04\/25\/brnenska-muzejni-noc-v-malem-mehrinu\/\"><\/div><\/div><\/div><div class=\"wpr-grid-item-below-content elementor-clearfix\"><h2 class=\"wpr-grid-item-title elementor-repeater-item-1762e86 wpr-grid-item-display-block wpr-grid-item-align-left wpr-pointer-none wpr-pointer-line-fx wpr-pointer-fx-fade\"><div class=\"inner-block\"><a target=\"_self\"  href=\"https:\/\/malymehrin.cz\/ru\/2026\/04\/25\/brnenska-muzejni-noc-v-malem-mehrinu\/\">Brn\u011bnsk\u00e1 muzejn\u00ed noc v Mal\u00e9m Mehrinu<\/a><\/div><\/h2><div class=\"wpr-grid-item-post_tag elementor-repeater-item-3d74f7a wpr-grid-item-display-block wpr-grid-item-align-left wpr-pointer-none wpr-pointer-line-fx wpr-pointer-fx-fade wpr-grid-tax-style-1\"><div class=\"inner-block\"><\/div><\/div><div class=\"wpr-grid-item-separator elementor-repeater-item-ce481a1 wpr-grid-item-display-inline wpr-grid-item-align-left wpr-grid-sep-style-1\"><div class=\"inner-block\"><span><\/span><\/div><\/div><div class=\"wpr-grid-item-excerpt elementor-repeater-item-24dbb9d wpr-grid-item-display-block wpr-grid-item-align-left\"><div class=\"inner-block\"><p>Tak\u00e9 na\u0161e muzeum se p\u0159ipoj\u00ed k Brn\u011bnsk\u00e9 muzejn\u00ed noci 2026. Letos jsme pro v\u00e1s p\u0159ipravili: 18:30 Izraelsk\u00e9 tance \u2013 uk\u00e1zka...<\/p><\/div><\/div><div class=\"wpr-grid-item-read-more elementor-repeater-item-a500ab0 wpr-grid-item-display-block wpr-grid-item-align-center\"><div class=\"inner-block\"><a target=\"_self\" href=\"https:\/\/malymehrin.cz\/ru\/2026\/04\/25\/brnenska-muzejni-noc-v-malem-mehrinu\/\" class=\"wpr-button-effect wpr-button-none\"><span>Zjistit V\u00edce<\/span><\/a><\/div><\/div><\/div><\/div><\/article><article class=\"wpr-grid-item elementor-clearfix post-3974 post type-post status-publish format-standard has-post-thumbnail hentry category-nezarazene\"><div class=\"wpr-grid-item-inner\"><div class=\"wpr-grid-media-wrap wpr-grayscale-in wpr-effect-size-medium \" data-overlay-link=\"yes\"><div class=\"wpr-grid-image-wrap\" data-src=\"https:\/\/malymehrin.cz\/wp-content\/uploads\/elementor\/thumbs\/Kopeckova-2-scaled-rfym7sulefmv2zo347ni5e4hc4s6uoxj6m9szqi0ps.jpg\" data-img-on-hover=\"\"  data-src-secondary=\"\"><img decoding=\"async\" data-no-lazy=\"1\" src=\"https:\/\/malymehrin.cz\/wp-content\/uploads\/elementor\/thumbs\/Kopeckova-2-scaled-rfym7sulefmv2zo347ni5e4hc4s6uoxj6m9szqi0ps.jpg\" alt=\"Komentovan\u00e1 prohl\u00eddka s\u00a0Evou Kope\u010dkovou\" class=\"wpr-anim-timing-ease-default\"><\/div><div class=\"wpr-grid-media-hover wpr-animation-wrap\"><div class=\"wpr-grid-media-hover-bg  wpr-overlay-fade-in wpr-anim-size-large wpr-anim-timing-ease-default wpr-anim-transparency\" data-url=\"https:\/\/malymehrin.cz\/ru\/2026\/04\/25\/komentovana-prohlidka-s-evou-kopeckovou\/\"><\/div><\/div><\/div><div class=\"wpr-grid-item-below-content elementor-clearfix\"><h2 class=\"wpr-grid-item-title elementor-repeater-item-1762e86 wpr-grid-item-display-block wpr-grid-item-align-left wpr-pointer-none wpr-pointer-line-fx wpr-pointer-fx-fade\"><div class=\"inner-block\"><a target=\"_self\"  href=\"https:\/\/malymehrin.cz\/ru\/2026\/04\/25\/komentovana-prohlidka-s-evou-kopeckovou\/\">Komentovan\u00e1 prohl\u00eddka s\u00a0Evou Kope\u010dkovou<\/a><\/div><\/h2><div class=\"wpr-grid-item-post_tag elementor-repeater-item-3d74f7a wpr-grid-item-display-block wpr-grid-item-align-left wpr-pointer-none wpr-pointer-line-fx wpr-pointer-fx-fade wpr-grid-tax-style-1\"><div class=\"inner-block\"><\/div><\/div><div class=\"wpr-grid-item-separator elementor-repeater-item-ce481a1 wpr-grid-item-display-inline wpr-grid-item-align-left wpr-grid-sep-style-1\"><div class=\"inner-block\"><span><\/span><\/div><\/div><div class=\"wpr-grid-item-excerpt elementor-repeater-item-24dbb9d wpr-grid-item-display-block wpr-grid-item-align-left\"><div class=\"inner-block\"><p>Na t\u00e9to komentovan\u00e9 prohl\u00eddce se ve zkratce sezn\u00e1m\u00edme s nejstar\u0161\u00edmi d\u011bjinami \u017eid\u016f na Morav\u011b, zkus\u00edme rekonstruovat kdy a jak vstoupili...<\/p><\/div><\/div><div class=\"wpr-grid-item-read-more elementor-repeater-item-a500ab0 wpr-grid-item-display-block wpr-grid-item-align-center\"><div class=\"inner-block\"><a target=\"_self\" href=\"https:\/\/malymehrin.cz\/ru\/2026\/04\/25\/komentovana-prohlidka-s-evou-kopeckovou\/\" class=\"wpr-button-effect wpr-button-none\"><span>Zjistit V\u00edce<\/span><\/a><\/div><\/div><\/div><\/div><\/article><article class=\"wpr-grid-item elementor-clearfix post-3968 post type-post status-publish format-standard has-post-thumbnail hentry category-nezarazene tag-streda-29-dubna-od-18-hodin\"><div class=\"wpr-grid-item-inner\"><div class=\"wpr-grid-media-wrap wpr-grayscale-in wpr-effect-size-medium \" data-overlay-link=\"yes\"><div class=\"wpr-grid-image-wrap\" data-src=\"https:\/\/malymehrin.cz\/wp-content\/uploads\/elementor\/thumbs\/IMG_9803-scaled-rlsht9b9oh4hfqdjnc7afrsk5w7z71v1wu37mn884g.jpg\" data-img-on-hover=\"\"  data-src-secondary=\"\"><img decoding=\"async\" data-no-lazy=\"1\" src=\"https:\/\/malymehrin.cz\/wp-content\/uploads\/elementor\/thumbs\/IMG_9803-scaled-rlsht9b9oh4hfqdjnc7afrsk5w7z71v1wu37mn884g.jpg\" alt=\"P\u0159\u00edb\u011bhy lidskosti (Spravedliv\u00ed mezi n\u00e1rody na Morav\u011b)\" class=\"wpr-anim-timing-ease-default\"><\/div><div class=\"wpr-grid-media-hover wpr-animation-wrap\"><div class=\"wpr-grid-media-hover-bg  wpr-overlay-fade-in wpr-anim-size-large wpr-anim-timing-ease-default wpr-anim-transparency\" data-url=\"https:\/\/malymehrin.cz\/ru\/2026\/04\/10\/pribehy-lidskosti-spravedlivi-mezi-narody-na-morave\/\"><\/div><\/div><\/div><div class=\"wpr-grid-item-below-content elementor-clearfix\"><h2 class=\"wpr-grid-item-title elementor-repeater-item-1762e86 wpr-grid-item-display-block wpr-grid-item-align-left wpr-pointer-none wpr-pointer-line-fx wpr-pointer-fx-fade\"><div class=\"inner-block\"><a target=\"_self\"  href=\"https:\/\/malymehrin.cz\/ru\/2026\/04\/10\/pribehy-lidskosti-spravedlivi-mezi-narody-na-morave\/\">P\u0159\u00edb\u011bhy lidskosti (Spravedliv\u00ed mezi n\u00e1rody na Morav\u011b)<\/a><\/div><\/h2><div class=\"wpr-grid-item-post_tag elementor-repeater-item-3d74f7a wpr-grid-item-display-block wpr-grid-item-align-left wpr-pointer-none wpr-pointer-line-fx wpr-pointer-fx-fade wpr-grid-tax-style-1\"><div class=\"inner-block\"><a class=\" wpr-tax-id-127\" href=\"https:\/\/malymehrin.cz\/ru\/tag\/streda-29-dubna-od-18-hodin\/\">st\u0159eda 29. dubna od 18 hodin<\/a><\/div><\/div><div class=\"wpr-grid-item-separator elementor-repeater-item-ce481a1 wpr-grid-item-display-inline wpr-grid-item-align-left wpr-grid-sep-style-1\"><div class=\"inner-block\"><span><\/span><\/div><\/div><div class=\"wpr-grid-item-excerpt elementor-repeater-item-24dbb9d wpr-grid-item-display-block wpr-grid-item-align-left\"><div class=\"inner-block\"><p>Ve\u010der v\u011bnovan\u00fd t\u00e9matu \u201e\u010ce\u0161i spravedliv\u00ed mezi n\u00e1rody\u201c p\u0159edstav\u00ed p\u0159\u00edb\u011bhy zachr\u00e1nc\u016f a zachr\u00e1n\u011bn\u00fdch, kte\u0159\u00ed byli ocen\u011bni titulem Spravedliv\u00fd mezi n\u00e1rody. Pozornost...<\/p><\/div><\/div><div class=\"wpr-grid-item-read-more elementor-repeater-item-a500ab0 wpr-grid-item-display-block wpr-grid-item-align-center\"><div class=\"inner-block\"><a target=\"_self\" href=\"https:\/\/malymehrin.cz\/ru\/2026\/04\/10\/pribehy-lidskosti-spravedlivi-mezi-narody-na-morave\/\" class=\"wpr-button-effect wpr-button-none\"><span>Zjistit V\u00edce<\/span><\/a><\/div><\/div><\/div><\/div><\/article><article class=\"wpr-grid-item elementor-clearfix post-3965 post type-post status-publish format-standard has-post-thumbnail hentry category-nezarazene tag-pondeli-20-dubna-v-18-hodin\"><div class=\"wpr-grid-item-inner\"><div class=\"wpr-grid-media-wrap wpr-grayscale-in wpr-effect-size-medium \" data-overlay-link=\"yes\"><div class=\"wpr-grid-image-wrap\" data-src=\"https:\/\/malymehrin.cz\/wp-content\/uploads\/elementor\/thumbs\/Golem_a_Rabi_Low_\u2013_Mikolas_Ales_1899_Venec_prazskych_povesti_1908-rlshotipen1qm0tnkf4pnw476e3kui8omv6o1lt5i8.jpg\" data-img-on-hover=\"\"  data-src-secondary=\"\"><img decoding=\"async\" data-no-lazy=\"1\" src=\"https:\/\/malymehrin.cz\/wp-content\/uploads\/elementor\/thumbs\/Golem_a_Rabi_Low_\u2013_Mikolas_Ales_1899_Venec_prazskych_povesti_1908-rlshotipen1qm0tnkf4pnw476e3kui8omv6o1lt5i8.jpg\" alt=\"ZRU\u0160ENO!!! Rabi L\u00f6w a Golem: P\u0159\u00edb\u011bh, kter\u00fd za\u010dal na Morav\u011b\" class=\"wpr-anim-timing-ease-default\"><\/div><div class=\"wpr-grid-media-hover wpr-animation-wrap\"><div class=\"wpr-grid-media-hover-bg  wpr-overlay-fade-in wpr-anim-size-large wpr-anim-timing-ease-default wpr-anim-transparency\" data-url=\"https:\/\/malymehrin.cz\/ru\/2026\/04\/10\/rabi-low-a-golem-pribeh-ktery-zacal-na-morave\/\"><\/div><\/div><\/div><div class=\"wpr-grid-item-below-content elementor-clearfix\"><h2 class=\"wpr-grid-item-title elementor-repeater-item-1762e86 wpr-grid-item-display-block wpr-grid-item-align-left wpr-pointer-none wpr-pointer-line-fx wpr-pointer-fx-fade\"><div class=\"inner-block\"><a target=\"_self\"  href=\"https:\/\/malymehrin.cz\/ru\/2026\/04\/10\/rabi-low-a-golem-pribeh-ktery-zacal-na-morave\/\">ZRU\u0160ENO!!! Rabi L\u00f6w a Golem: P\u0159\u00edb\u011bh, kter\u00fd za\u010dal na Morav\u011b<\/a><\/div><\/h2><div class=\"wpr-grid-item-post_tag elementor-repeater-item-3d74f7a wpr-grid-item-display-block wpr-grid-item-align-left wpr-pointer-none wpr-pointer-line-fx wpr-pointer-fx-fade wpr-grid-tax-style-1\"><div class=\"inner-block\"><a class=\" wpr-tax-id-126\" href=\"https:\/\/malymehrin.cz\/ru\/tag\/pondeli-20-dubna-v-18-hodin\/\">pond\u011bl\u00ed 20. dubna v 18 hodin<\/a><\/div><\/div><div class=\"wpr-grid-item-separator elementor-repeater-item-ce481a1 wpr-grid-item-display-inline wpr-grid-item-align-left wpr-grid-sep-style-1\"><div class=\"inner-block\"><span><\/span><\/div><\/div><div class=\"wpr-grid-item-excerpt elementor-repeater-item-24dbb9d wpr-grid-item-display-block wpr-grid-item-align-left\"><div class=\"inner-block\"><p>P\u0159edn\u00e1\u0161ka p\u0159edstav\u00ed osobnost rabiho Jehudy Levy ben Becalela (cca 1525\u20131609), zn\u00e1m\u00e9ho jako Maharal \u010di rabi L\u00f6w, jednoho z nejv\u00fdznamn\u011bj\u0161\u00edch \u017eidovsk\u00fdch...<\/p><\/div><\/div><div class=\"wpr-grid-item-read-more elementor-repeater-item-a500ab0 wpr-grid-item-display-block wpr-grid-item-align-center\"><div class=\"inner-block\"><a target=\"_self\" href=\"https:\/\/malymehrin.cz\/ru\/2026\/04\/10\/rabi-low-a-golem-pribeh-ktery-zacal-na-morave\/\" class=\"wpr-button-effect wpr-button-none\"><span>Zjistit V\u00edce<\/span><\/a><\/div><\/div><\/div><\/div><\/article><article class=\"wpr-grid-item elementor-clearfix post-3962 post type-post status-publish format-standard has-post-thumbnail hentry category-nezarazene tag-pondeli-13-dubna-v-18-hodin\"><div class=\"wpr-grid-item-inner\"><div class=\"wpr-grid-media-wrap wpr-grayscale-in wpr-effect-size-medium \" data-overlay-link=\"yes\"><div class=\"wpr-grid-image-wrap\" data-src=\"https:\/\/malymehrin.cz\/wp-content\/uploads\/elementor\/thumbs\/Keene-at-Biennial-rlsh23r48rya19ti7lnaemh6d628tu27ifm8ivhnvk.jpg\" data-img-on-hover=\"\"  data-src-secondary=\"\"><img decoding=\"async\" data-no-lazy=\"1\" src=\"https:\/\/malymehrin.cz\/wp-content\/uploads\/elementor\/thumbs\/Keene-at-Biennial-rlsh23r48rya19ti7lnaemh6d628tu27ifm8ivhnvk.jpg\" alt=\"Andrew Keene v\u00a0Brn\u011b\" class=\"wpr-anim-timing-ease-default\"><\/div><div class=\"wpr-grid-media-hover wpr-animation-wrap\"><div class=\"wpr-grid-media-hover-bg  wpr-overlay-fade-in wpr-anim-size-large wpr-anim-timing-ease-default wpr-anim-transparency\" data-url=\"https:\/\/malymehrin.cz\/ru\/2026\/04\/10\/andrew-keene-v-brne\/\"><\/div><\/div><\/div><div class=\"wpr-grid-item-below-content elementor-clearfix\"><h2 class=\"wpr-grid-item-title elementor-repeater-item-1762e86 wpr-grid-item-display-block wpr-grid-item-align-left wpr-pointer-none wpr-pointer-line-fx wpr-pointer-fx-fade\"><div class=\"inner-block\"><a target=\"_self\"  href=\"https:\/\/malymehrin.cz\/ru\/2026\/04\/10\/andrew-keene-v-brne\/\">Andrew Keene v\u00a0Brn\u011b<\/a><\/div><\/h2><div class=\"wpr-grid-item-post_tag elementor-repeater-item-3d74f7a wpr-grid-item-display-block wpr-grid-item-align-left wpr-pointer-none wpr-pointer-line-fx wpr-pointer-fx-fade wpr-grid-tax-style-1\"><div class=\"inner-block\"><a class=\" wpr-tax-id-125\" href=\"https:\/\/malymehrin.cz\/ru\/tag\/pondeli-13-dubna-v-18-hodin\/\">pond\u011bl\u00ed 13. dubna v 18 hodin<\/a><\/div><\/div><div class=\"wpr-grid-item-separator elementor-repeater-item-ce481a1 wpr-grid-item-display-inline wpr-grid-item-align-left wpr-grid-sep-style-1\"><div class=\"inner-block\"><span><\/span><\/div><\/div><div class=\"wpr-grid-item-excerpt elementor-repeater-item-24dbb9d wpr-grid-item-display-block wpr-grid-item-align-left\"><div class=\"inner-block\"><p>\u00a0Andrew Keene z\u00a0izraelsk\u00e9 Haify p\u0159edstav\u00ed jako jeho spr\u00e1vce sou\u010dasnost organizace a muzea Memorial Scrolls Trust s\u00eddl\u00edc\u00edho ve Westminster Synagogue. Neopomene...<\/p><\/div><\/div><div class=\"wpr-grid-item-read-more elementor-repeater-item-a500ab0 wpr-grid-item-display-block wpr-grid-item-align-center\"><div class=\"inner-block\"><a target=\"_self\" href=\"https:\/\/malymehrin.cz\/ru\/2026\/04\/10\/andrew-keene-v-brne\/\" class=\"wpr-button-effect wpr-button-none\"><span>Zjistit V\u00edce<\/span><\/a><\/div><\/div><\/div><\/div><\/article><article class=\"wpr-grid-item elementor-clearfix post-3952 post type-post status-publish format-standard has-post-thumbnail hentry category-nezarazene tag-utery-7-dubna-v-18-hodin\"><div class=\"wpr-grid-item-inner\"><div class=\"wpr-grid-media-wrap wpr-grayscale-in wpr-effect-size-medium \" data-overlay-link=\"yes\"><div class=\"wpr-grid-image-wrap\" data-src=\"https:\/\/malymehrin.cz\/wp-content\/uploads\/elementor\/thumbs\/Umela-inteligence-a-pamet-holocaustu2-rlfh3mdtucdyge9wu472o9x3ha8abvoz0353cfxrts.jpeg\" data-img-on-hover=\"\"  data-src-secondary=\"\"><img decoding=\"async\" data-no-lazy=\"1\" src=\"https:\/\/malymehrin.cz\/wp-content\/uploads\/elementor\/thumbs\/Umela-inteligence-a-pamet-holocaustu2-rlfh3mdtucdyge9wu472o9x3ha8abvoz0353cfxrts.jpeg\" alt=\"Um\u011bl\u00e1 inteligence a pam\u011b\u0165 holocaustu\" class=\"wpr-anim-timing-ease-default\"><\/div><div class=\"wpr-grid-media-hover wpr-animation-wrap\"><div class=\"wpr-grid-media-hover-bg  wpr-overlay-fade-in wpr-anim-size-large wpr-anim-timing-ease-default wpr-anim-transparency\" data-url=\"https:\/\/malymehrin.cz\/ru\/2026\/04\/02\/umela-inteligence-a-pamet-holocaustu\/\"><\/div><\/div><\/div><div class=\"wpr-grid-item-below-content elementor-clearfix\"><h2 class=\"wpr-grid-item-title elementor-repeater-item-1762e86 wpr-grid-item-display-block wpr-grid-item-align-left wpr-pointer-none wpr-pointer-line-fx wpr-pointer-fx-fade\"><div class=\"inner-block\"><a target=\"_self\"  href=\"https:\/\/malymehrin.cz\/ru\/2026\/04\/02\/umela-inteligence-a-pamet-holocaustu\/\">Um\u011bl\u00e1 inteligence a pam\u011b\u0165 holocaustu<\/a><\/div><\/h2><div class=\"wpr-grid-item-post_tag elementor-repeater-item-3d74f7a wpr-grid-item-display-block wpr-grid-item-align-left wpr-pointer-none wpr-pointer-line-fx wpr-pointer-fx-fade wpr-grid-tax-style-1\"><div class=\"inner-block\"><a class=\" wpr-tax-id-124\" href=\"https:\/\/malymehrin.cz\/ru\/tag\/utery-7-dubna-v-18-hodin\/\">\u00fater\u00fd 7. dubna v 18 hodin<\/a><\/div><\/div><div class=\"wpr-grid-item-separator elementor-repeater-item-ce481a1 wpr-grid-item-display-inline wpr-grid-item-align-left wpr-grid-sep-style-1\"><div class=\"inner-block\"><span><\/span><\/div><\/div><div class=\"wpr-grid-item-excerpt elementor-repeater-item-24dbb9d wpr-grid-item-display-block wpr-grid-item-align-left\"><div class=\"inner-block\"><p>Filozof a etik \u0160tefan Ore\u0161ko (Slovensk\u00e1 akademie v\u011bd) a histori\u010dka T\u00e1\u0148a Klementov\u00e1 p\u0159ibl\u00ed\u017e\u00ed, jak\u00e9 v\u00fdzvy p\u0159in\u00e1\u0161\u00ed modern\u00ed technika do muze\u00ed...<\/p><\/div><\/div><div class=\"wpr-grid-item-read-more elementor-repeater-item-a500ab0 wpr-grid-item-display-block wpr-grid-item-align-center\"><div class=\"inner-block\"><a target=\"_self\" href=\"https:\/\/malymehrin.cz\/ru\/2026\/04\/02\/umela-inteligence-a-pamet-holocaustu\/\" class=\"wpr-button-effect wpr-button-none\"><span>Zjistit V\u00edce<\/span><\/a><\/div><\/div><\/div><\/div><\/article><article class=\"wpr-grid-item elementor-clearfix post-3946 post type-post status-publish format-standard has-post-thumbnail hentry category-nezarazene tag-ctvrtek-2-dubna-v-17-hodin\"><div class=\"wpr-grid-item-inner\"><div class=\"wpr-grid-media-wrap wpr-grayscale-in wpr-effect-size-medium \" data-overlay-link=\"yes\"><div class=\"wpr-grid-image-wrap\" data-src=\"https:\/\/malymehrin.cz\/wp-content\/uploads\/elementor\/thumbs\/Martin-kom-scaled-rlfgwyozfl9u7ty2pql7igek011ot29f34s9yvt5wg.jpg\" data-img-on-hover=\"\"  data-src-secondary=\"\"><img decoding=\"async\" data-no-lazy=\"1\" src=\"https:\/\/malymehrin.cz\/wp-content\/uploads\/elementor\/thumbs\/Martin-kom-scaled-rlfgwyozfl9u7ty2pql7igek011ot29f34s9yvt5wg.jpg\" alt=\"Komentovan\u00e1 prohl\u00eddka s\u00a0Martinem Reinerem\" class=\"wpr-anim-timing-ease-default\"><\/div><div class=\"wpr-grid-media-hover wpr-animation-wrap\"><div class=\"wpr-grid-media-hover-bg  wpr-overlay-fade-in wpr-anim-size-large wpr-anim-timing-ease-default wpr-anim-transparency\" data-url=\"https:\/\/malymehrin.cz\/ru\/2026\/04\/02\/komentovana-prohlidka-s-martinem-reinerem\/\"><\/div><\/div><\/div><div class=\"wpr-grid-item-below-content elementor-clearfix\"><h2 class=\"wpr-grid-item-title elementor-repeater-item-1762e86 wpr-grid-item-display-block wpr-grid-item-align-left wpr-pointer-none wpr-pointer-line-fx wpr-pointer-fx-fade\"><div class=\"inner-block\"><a target=\"_self\"  href=\"https:\/\/malymehrin.cz\/ru\/2026\/04\/02\/komentovana-prohlidka-s-martinem-reinerem\/\">Komentovan\u00e1 prohl\u00eddka s\u00a0Martinem Reinerem<\/a><\/div><\/h2><div class=\"wpr-grid-item-post_tag elementor-repeater-item-3d74f7a wpr-grid-item-display-block wpr-grid-item-align-left wpr-pointer-none wpr-pointer-line-fx wpr-pointer-fx-fade wpr-grid-tax-style-1\"><div class=\"inner-block\"><a class=\" wpr-tax-id-123\" href=\"https:\/\/malymehrin.cz\/ru\/tag\/ctvrtek-2-dubna-v-17-hodin\/\">\u010dtvrtek 2. dubna v 17 hodin<\/a><\/div><\/div><div class=\"wpr-grid-item-separator elementor-repeater-item-ce481a1 wpr-grid-item-display-inline wpr-grid-item-align-left wpr-grid-sep-style-1\"><div class=\"inner-block\"><span><\/span><\/div><\/div><div class=\"wpr-grid-item-excerpt elementor-repeater-item-24dbb9d wpr-grid-item-display-block wpr-grid-item-align-left\"><div class=\"inner-block\"><p>Komentovan\u00e1 prohl\u00eddka v\u00fdstavn\u00edch prostor se ji\u017e stala ned\u00edlnou sou\u010d\u00e1st\u00ed na\u0161\u00ed nab\u00eddky po\u0159ad\u016f. Jednotliv\u00ed p\u0159edn\u00e1\u0161ej\u00edc\u00ed vol\u00ed r\u016fzn\u00e9 formy a roz\u0161\u00ed\u0159\u00ed ji...<\/p><\/div><\/div><div class=\"wpr-grid-item-read-more elementor-repeater-item-a500ab0 wpr-grid-item-display-block wpr-grid-item-align-center\"><div class=\"inner-block\"><a target=\"_self\" href=\"https:\/\/malymehrin.cz\/ru\/2026\/04\/02\/komentovana-prohlidka-s-martinem-reinerem\/\" class=\"wpr-button-effect wpr-button-none\"><span>Zjistit V\u00edce<\/span><\/a><\/div><\/div><\/div><\/div><\/article><article class=\"wpr-grid-item elementor-clearfix post-3940 post type-post status-publish format-standard has-post-thumbnail hentry category-nezarazene\"><div class=\"wpr-grid-item-inner\"><div class=\"wpr-grid-media-wrap wpr-grayscale-in wpr-effect-size-medium \" data-overlay-link=\"yes\"><div class=\"wpr-grid-image-wrap\" data-src=\"https:\/\/malymehrin.cz\/wp-content\/uploads\/elementor\/thumbs\/Wallish_Brno1-rklas51uur6z662o26xjreuaks10yupb80x7xyznz4.png\" data-img-on-hover=\"\"  data-src-secondary=\"\"><img decoding=\"async\" data-no-lazy=\"1\" src=\"https:\/\/malymehrin.cz\/wp-content\/uploads\/elementor\/thumbs\/Wallish_Brno1-rklas51uur6z662o26xjreuaks10yupb80x7xyznz4.png\" alt=\"Otte Wallish: Ze Znojma do Tel Avivu\" class=\"wpr-anim-timing-ease-default\"><\/div><div class=\"wpr-grid-media-hover wpr-animation-wrap\"><div class=\"wpr-grid-media-hover-bg  wpr-overlay-fade-in wpr-anim-size-large wpr-anim-timing-ease-default wpr-anim-transparency\" data-url=\"https:\/\/malymehrin.cz\/ru\/2026\/03\/16\/otte-wallish-ze-znojma-do-tel-avivu\/\"><\/div><\/div><\/div><div class=\"wpr-grid-item-below-content elementor-clearfix\"><h2 class=\"wpr-grid-item-title elementor-repeater-item-1762e86 wpr-grid-item-display-block wpr-grid-item-align-left wpr-pointer-none wpr-pointer-line-fx wpr-pointer-fx-fade\"><div class=\"inner-block\"><a target=\"_self\"  href=\"https:\/\/malymehrin.cz\/ru\/2026\/03\/16\/otte-wallish-ze-znojma-do-tel-avivu\/\">Otte Wallish: Ze Znojma do Tel Avivu<\/a><\/div><\/h2><div class=\"wpr-grid-item-post_tag elementor-repeater-item-3d74f7a wpr-grid-item-display-block wpr-grid-item-align-left wpr-pointer-none wpr-pointer-line-fx wpr-pointer-fx-fade wpr-grid-tax-style-1\"><div class=\"inner-block\"><\/div><\/div><div class=\"wpr-grid-item-separator elementor-repeater-item-ce481a1 wpr-grid-item-display-inline wpr-grid-item-align-left wpr-grid-sep-style-1\"><div class=\"inner-block\"><span><\/span><\/div><\/div><div class=\"wpr-grid-item-excerpt elementor-repeater-item-24dbb9d wpr-grid-item-display-block wpr-grid-item-align-left\"><div class=\"inner-block\"><p>V\u00fdstavu Otte Wallish: Ze Znojma do Tel Avivu autorky Evy Jan\u00e1\u010dov\u00e9 symbolicky uv\u00e1d\u00ed \u017eidovsk\u00e9 muzeum Mal\u00fd Mehrin ke 120. narozenin\u00e1m...<\/p><\/div><\/div><div class=\"wpr-grid-item-read-more elementor-repeater-item-a500ab0 wpr-grid-item-display-block wpr-grid-item-align-center\"><div class=\"inner-block\"><a target=\"_self\" href=\"https:\/\/malymehrin.cz\/ru\/2026\/03\/16\/otte-wallish-ze-znojma-do-tel-avivu\/\" class=\"wpr-button-effect wpr-button-none\"><span>Zjistit V\u00edce<\/span><\/a><\/div><\/div><\/div><\/div><\/article><article class=\"wpr-grid-item elementor-clearfix post-3936 post type-post status-publish format-standard has-post-thumbnail hentry category-nezarazene tag-nedele-29-brezna-od-9-hodin\"><div class=\"wpr-grid-item-inner\"><div class=\"wpr-grid-media-wrap wpr-grayscale-in wpr-effect-size-medium \" data-overlay-link=\"yes\"><div class=\"wpr-grid-image-wrap\" data-src=\"https:\/\/malymehrin.cz\/wp-content\/uploads\/elementor\/thumbs\/Bila-mista-ZIDOVSKE-MORAVY-A-SLOVENSKA-orez-rklakxmeghbu5sji52sin8b2mfjpye3e8cv7hlobog.png\" data-img-on-hover=\"\"  data-src-secondary=\"\"><img decoding=\"async\" data-no-lazy=\"1\" src=\"https:\/\/malymehrin.cz\/wp-content\/uploads\/elementor\/thumbs\/Bila-mista-ZIDOVSKE-MORAVY-A-SLOVENSKA-orez-rklakxmeghbu5sji52sin8b2mfjpye3e8cv7hlobog.png\" alt=\"B\u00edl\u00e1 m\u00edsta \u017eidovsk\u00e9 Moravy a Slovenska\" class=\"wpr-anim-timing-ease-default\"><\/div><div class=\"wpr-grid-media-hover wpr-animation-wrap\"><div class=\"wpr-grid-media-hover-bg  wpr-overlay-fade-in wpr-anim-size-large wpr-anim-timing-ease-default wpr-anim-transparency\" data-url=\"https:\/\/malymehrin.cz\/ru\/2026\/03\/16\/bila-mista-zidovske-moravy-a-slovenska\/\"><\/div><\/div><\/div><div class=\"wpr-grid-item-below-content elementor-clearfix\"><h2 class=\"wpr-grid-item-title elementor-repeater-item-1762e86 wpr-grid-item-display-block wpr-grid-item-align-left wpr-pointer-none wpr-pointer-line-fx wpr-pointer-fx-fade\"><div class=\"inner-block\"><a target=\"_self\"  href=\"https:\/\/malymehrin.cz\/ru\/2026\/03\/16\/bila-mista-zidovske-moravy-a-slovenska\/\">B\u00edl\u00e1 m\u00edsta \u017eidovsk\u00e9 Moravy a Slovenska<\/a><\/div><\/h2><div class=\"wpr-grid-item-post_tag elementor-repeater-item-3d74f7a wpr-grid-item-display-block wpr-grid-item-align-left wpr-pointer-none wpr-pointer-line-fx wpr-pointer-fx-fade wpr-grid-tax-style-1\"><div class=\"inner-block\"><a class=\" wpr-tax-id-120\" href=\"https:\/\/malymehrin.cz\/ru\/tag\/nedele-29-brezna-od-9-hodin\/\">ned\u011ble 29. b\u0159ezna od 9 hodin<\/a><\/div><\/div><div class=\"wpr-grid-item-separator elementor-repeater-item-ce481a1 wpr-grid-item-display-inline wpr-grid-item-align-left wpr-grid-sep-style-1\"><div class=\"inner-block\"><span><\/span><\/div><\/div><div class=\"wpr-grid-item-excerpt elementor-repeater-item-24dbb9d wpr-grid-item-display-block wpr-grid-item-align-left\"><div class=\"inner-block\"><p>T\u0159et\u00ed ro\u010dn\u00edk konference B\u00edl\u00e1 m\u00edsta vrac\u00ed do spole\u010dn\u00e9 pam\u011bti p\u0159\u00edb\u011bhy lid\u00ed, m\u00edst a komunit z moravsk\u00e9 i slovensk\u00e9 \u017eidovsk\u00e9 historie....<\/p><\/div><\/div><div class=\"wpr-grid-item-read-more elementor-repeater-item-a500ab0 wpr-grid-item-display-block wpr-grid-item-align-center\"><div class=\"inner-block\"><a target=\"_self\" href=\"https:\/\/malymehrin.cz\/ru\/2026\/03\/16\/bila-mista-zidovske-moravy-a-slovenska\/\" class=\"wpr-button-effect wpr-button-none\"><span>Zjistit V\u00edce<\/span><\/a><\/div><\/div><\/div><\/div><\/article><article class=\"wpr-grid-item elementor-clearfix post-3930 post type-post status-publish format-standard has-post-thumbnail hentry category-nezarazene tag-ctvrtek-19-3-v-18-hodin\"><div class=\"wpr-grid-item-inner\"><div class=\"wpr-grid-media-wrap wpr-grayscale-in wpr-effect-size-medium \" data-overlay-link=\"yes\"><div class=\"wpr-grid-image-wrap\" data-src=\"https:\/\/malymehrin.cz\/wp-content\/uploads\/elementor\/thumbs\/IMG_4308-scaled-rkl9yaobv4c8jvf9bsiz3fyfld4hkt844b98ep8nj4.jpeg\" data-img-on-hover=\"\"  data-src-secondary=\"\"><img decoding=\"async\" data-no-lazy=\"1\" src=\"https:\/\/malymehrin.cz\/wp-content\/uploads\/elementor\/thumbs\/IMG_4308-scaled-rkl9yaobv4c8jvf9bsiz3fyfld4hkt844b98ep8nj4.jpeg\" alt=\"Hebrej\u0161tina s\u00a0radost\u00ed &#8211; beseda se Simonou P\u00f6der Innerhofer\" class=\"wpr-anim-timing-ease-default\"><\/div><div class=\"wpr-grid-media-hover wpr-animation-wrap\"><div class=\"wpr-grid-media-hover-bg  wpr-overlay-fade-in wpr-anim-size-large wpr-anim-timing-ease-default wpr-anim-transparency\" data-url=\"https:\/\/malymehrin.cz\/ru\/2026\/03\/16\/hebrejstina-s-radosti-beseda-se-simonou-poder-innerhofer\/\"><\/div><\/div><\/div><div class=\"wpr-grid-item-below-content elementor-clearfix\"><h2 class=\"wpr-grid-item-title elementor-repeater-item-1762e86 wpr-grid-item-display-block wpr-grid-item-align-left wpr-pointer-none wpr-pointer-line-fx wpr-pointer-fx-fade\"><div class=\"inner-block\"><a target=\"_self\"  href=\"https:\/\/malymehrin.cz\/ru\/2026\/03\/16\/hebrejstina-s-radosti-beseda-se-simonou-poder-innerhofer\/\">Hebrej\u0161tina s\u00a0radost\u00ed &#8211; beseda se Simonou P\u00f6der Innerhofer<\/a><\/div><\/h2><div class=\"wpr-grid-item-post_tag elementor-repeater-item-3d74f7a wpr-grid-item-display-block wpr-grid-item-align-left wpr-pointer-none wpr-pointer-line-fx wpr-pointer-fx-fade wpr-grid-tax-style-1\"><div class=\"inner-block\"><a class=\" wpr-tax-id-121\" href=\"https:\/\/malymehrin.cz\/ru\/tag\/ctvrtek-19-3-v-18-hodin\/\">\u010dtvrtek 19. 3. v 18 hodin<\/a><\/div><\/div><div class=\"wpr-grid-item-separator elementor-repeater-item-ce481a1 wpr-grid-item-display-inline wpr-grid-item-align-left wpr-grid-sep-style-1\"><div class=\"inner-block\"><span><\/span><\/div><\/div><div class=\"wpr-grid-item-excerpt elementor-repeater-item-24dbb9d wpr-grid-item-display-block wpr-grid-item-align-left\"><div class=\"inner-block\"><p>V r\u00e1mci besedy p\u0159edstav\u00edme hebrej\u0161tinu od jej\u00edch p\u00edsemn\u00fdch po\u010d\u00e1tk\u016f a dotkneme se cel\u00e9ho jej\u00edho v\u00fdvoje a\u017e k modern\u00edmu jazyku. Zam\u011b\u0159\u00edme...<\/p><\/div><\/div><div class=\"wpr-grid-item-read-more elementor-repeater-item-a500ab0 wpr-grid-item-display-block wpr-grid-item-align-center\"><div class=\"inner-block\"><a target=\"_self\" href=\"https:\/\/malymehrin.cz\/ru\/2026\/03\/16\/hebrejstina-s-radosti-beseda-se-simonou-poder-innerhofer\/\" class=\"wpr-button-effect wpr-button-none\"><span>Zjistit V\u00edce<\/span><\/a><\/div><\/div><\/div><\/div><\/article><article class=\"wpr-grid-item elementor-clearfix post-3813 post type-post status-publish format-standard has-post-thumbnail hentry category-nezarazene tag-pondeli-9-brezna-v-17-hodin\"><div class=\"wpr-grid-item-inner\"><div class=\"wpr-grid-media-wrap wpr-grayscale-in wpr-effect-size-medium \" data-overlay-link=\"yes\"><div class=\"wpr-grid-image-wrap\" data-src=\"https:\/\/malymehrin.cz\/wp-content\/uploads\/elementor\/thumbs\/J.Kriz_-e1772104986463-rjpy533i6kcd9uy3vp1rb0megfbn3l8faz8cxd25nk.jpg\" data-img-on-hover=\"\"  data-src-secondary=\"\"><img decoding=\"async\" data-no-lazy=\"1\" src=\"https:\/\/malymehrin.cz\/wp-content\/uploads\/elementor\/thumbs\/J.Kriz_-e1772104986463-rjpy533i6kcd9uy3vp1rb0megfbn3l8faz8cxd25nk.jpg\" alt=\"Komentovan\u00e1 prohl\u00eddka st\u00e1l\u00e9 expozice\" class=\"wpr-anim-timing-ease-default\"><\/div><div class=\"wpr-grid-media-hover wpr-animation-wrap\"><div class=\"wpr-grid-media-hover-bg  wpr-overlay-fade-in wpr-anim-size-large wpr-anim-timing-ease-default wpr-anim-transparency\" data-url=\"https:\/\/malymehrin.cz\/ru\/2026\/02\/26\/komentovana-prohlidka-stale-expozice-2\/\"><\/div><\/div><\/div><div class=\"wpr-grid-item-below-content elementor-clearfix\"><h2 class=\"wpr-grid-item-title elementor-repeater-item-1762e86 wpr-grid-item-display-block wpr-grid-item-align-left wpr-pointer-none wpr-pointer-line-fx wpr-pointer-fx-fade\"><div class=\"inner-block\"><a target=\"_self\"  href=\"https:\/\/malymehrin.cz\/ru\/2026\/02\/26\/komentovana-prohlidka-stale-expozice-2\/\">Komentovan\u00e1 prohl\u00eddka st\u00e1l\u00e9 expozice<\/a><\/div><\/h2><div class=\"wpr-grid-item-post_tag elementor-repeater-item-3d74f7a wpr-grid-item-display-block wpr-grid-item-align-left wpr-pointer-none wpr-pointer-line-fx wpr-pointer-fx-fade wpr-grid-tax-style-1\"><div class=\"inner-block\"><a class=\" wpr-tax-id-117\" href=\"https:\/\/malymehrin.cz\/ru\/tag\/pondeli-9-brezna-v-17-hodin\/\">pond\u011bl\u00ed 9. b\u0159ezna v 17 hodin<\/a><\/div><\/div><div class=\"wpr-grid-item-separator elementor-repeater-item-ce481a1 wpr-grid-item-display-inline wpr-grid-item-align-left wpr-grid-sep-style-1\"><div class=\"inner-block\"><span><\/span><\/div><\/div><div class=\"wpr-grid-item-excerpt elementor-repeater-item-24dbb9d wpr-grid-item-display-block wpr-grid-item-align-left\"><div class=\"inner-block\"><p>V b\u0159eznov\u00e9 prohl\u00eddce st\u00e1l\u00e9 expozice s historikem Jakubem K\u0159\u00ed\u017eem bude kladen d\u016fraz na v\u00fdznamn\u00e9, dnes ji\u017e pon\u011bkud pozapomenut\u00e9 \u017eidovsk\u00e9 architekty...<\/p><\/div><\/div><div class=\"wpr-grid-item-read-more elementor-repeater-item-a500ab0 wpr-grid-item-display-block wpr-grid-item-align-center\"><div class=\"inner-block\"><a target=\"_self\" href=\"https:\/\/malymehrin.cz\/ru\/2026\/02\/26\/komentovana-prohlidka-stale-expozice-2\/\" class=\"wpr-button-effect wpr-button-none\"><span>Zjistit V\u00edce<\/span><\/a><\/div><\/div><\/div><\/div><\/article><article class=\"wpr-grid-item elementor-clearfix post-3613 post type-post status-publish format-standard has-post-thumbnail hentry category-nezarazene tag-nedele-29-brezna-od-9-hodin\"><div class=\"wpr-grid-item-inner\"><div class=\"wpr-grid-media-wrap wpr-grayscale-in wpr-effect-size-medium \" data-overlay-link=\"yes\"><div class=\"wpr-grid-image-wrap\" data-src=\"https:\/\/malymehrin.cz\/wp-content\/uploads\/elementor\/thumbs\/1-e1771592081526-rjfm548x2hqyl9j0kfzc9xm65wmnjr1rqw2sibgpwg.png\" data-img-on-hover=\"\"  data-src-secondary=\"\"><img decoding=\"async\" data-no-lazy=\"1\" src=\"https:\/\/malymehrin.cz\/wp-content\/uploads\/elementor\/thumbs\/1-e1771592081526-rjfm548x2hqyl9j0kfzc9xm65wmnjr1rqw2sibgpwg.png\" alt=\"B\u00edl\u00e1 m\u00edsta \u017eidovsk\u00e9\u00a0Moravy a Slovenska 2026 &#8211; program\" class=\"wpr-anim-timing-ease-default\"><\/div><div class=\"wpr-grid-media-hover wpr-animation-wrap\"><div class=\"wpr-grid-media-hover-bg  wpr-overlay-fade-in wpr-anim-size-large wpr-anim-timing-ease-default wpr-anim-transparency\" data-url=\"https:\/\/malymehrin.cz\/ru\/2026\/02\/20\/bila-mista-zidovske-moravy-a-slovenska-2026-program\/\"><\/div><\/div><\/div><div class=\"wpr-grid-item-below-content elementor-clearfix\"><h2 class=\"wpr-grid-item-title elementor-repeater-item-1762e86 wpr-grid-item-display-block wpr-grid-item-align-left wpr-pointer-none wpr-pointer-line-fx wpr-pointer-fx-fade\"><div class=\"inner-block\"><a target=\"_self\"  href=\"https:\/\/malymehrin.cz\/ru\/2026\/02\/20\/bila-mista-zidovske-moravy-a-slovenska-2026-program\/\">B\u00edl\u00e1 m\u00edsta \u017eidovsk\u00e9\u00a0Moravy a Slovenska 2026 &#8211; program<\/a><\/div><\/h2><div class=\"wpr-grid-item-post_tag elementor-repeater-item-3d74f7a wpr-grid-item-display-block wpr-grid-item-align-left wpr-pointer-none wpr-pointer-line-fx wpr-pointer-fx-fade wpr-grid-tax-style-1\"><div class=\"inner-block\"><a class=\" wpr-tax-id-120\" href=\"https:\/\/malymehrin.cz\/ru\/tag\/nedele-29-brezna-od-9-hodin\/\">ned\u011ble 29. b\u0159ezna od 9 hodin<\/a><\/div><\/div><div class=\"wpr-grid-item-separator elementor-repeater-item-ce481a1 wpr-grid-item-display-inline wpr-grid-item-align-left wpr-grid-sep-style-1\"><div class=\"inner-block\"><span><\/span><\/div><\/div><div class=\"wpr-grid-item-excerpt elementor-repeater-item-24dbb9d wpr-grid-item-display-block wpr-grid-item-align-left\"><div class=\"inner-block\"><p>Celodenn\u00ed konference, kter\u00e1 je p\u0159\u00edstupn\u00e1 nejen odborn\u00e9, ale i \u0161irok\u00e9 ve\u0159ejnosti. P\u0159\u00edsp\u011bvky se letos zam\u011b\u0159\u00ed na moravsko-slovensk\u00e9 p\u0159esahy v r\u00e1mci...<\/p><\/div><\/div><div class=\"wpr-grid-item-read-more elementor-repeater-item-a500ab0 wpr-grid-item-display-block wpr-grid-item-align-center\"><div class=\"inner-block\"><a target=\"_self\" href=\"https:\/\/malymehrin.cz\/ru\/2026\/02\/20\/bila-mista-zidovske-moravy-a-slovenska-2026-program\/\" class=\"wpr-button-effect wpr-button-none\"><span>Zjistit V\u00edce<\/span><\/a><\/div><\/div><\/div><\/div><\/article><article class=\"wpr-grid-item elementor-clearfix post-3484 post type-post status-publish format-standard has-post-thumbnail hentry category-nezarazene tag-ctvrtek-26-unora-v-18-hodin\"><div class=\"wpr-grid-item-inner\"><div class=\"wpr-grid-media-wrap wpr-grayscale-in wpr-effect-size-medium \" data-overlay-link=\"yes\"><div class=\"wpr-grid-image-wrap\" data-src=\"https:\/\/malymehrin.cz\/wp-content\/uploads\/elementor\/thumbs\/Hier.Lorm_-ri8h52xrm1v1092j8dycymr3aa82sd0q3swv34v7z4.jpg\" data-img-on-hover=\"\"  data-src-secondary=\"\"><img decoding=\"async\" data-no-lazy=\"1\" src=\"https:\/\/malymehrin.cz\/wp-content\/uploads\/elementor\/thumbs\/Hier.Lorm_-ri8h52xrm1v1092j8dycymr3aa82sd0q3swv34v7z4.jpg\" alt=\"Hieronymus Lorm (1821\u20131902) \u2013 mu\u017e, jen\u017e otev\u0159el hluchoslep\u00fdm sv\u011bt\" class=\"wpr-anim-timing-ease-default\"><\/div><div class=\"wpr-grid-media-hover wpr-animation-wrap\"><div class=\"wpr-grid-media-hover-bg  wpr-overlay-fade-in wpr-anim-size-large wpr-anim-timing-ease-default wpr-anim-transparency\" data-url=\"https:\/\/malymehrin.cz\/ru\/2026\/01\/26\/hieronymus-lorm-1821-1902-muz-jenz-otevrel-hluchoslepym-svet\/\"><\/div><\/div><\/div><div class=\"wpr-grid-item-below-content elementor-clearfix\"><h2 class=\"wpr-grid-item-title elementor-repeater-item-1762e86 wpr-grid-item-display-block wpr-grid-item-align-left wpr-pointer-none wpr-pointer-line-fx wpr-pointer-fx-fade\"><div class=\"inner-block\"><a target=\"_self\"  href=\"https:\/\/malymehrin.cz\/ru\/2026\/01\/26\/hieronymus-lorm-1821-1902-muz-jenz-otevrel-hluchoslepym-svet\/\">Hieronymus Lorm (1821\u20131902) \u2013 mu\u017e, jen\u017e otev\u0159el hluchoslep\u00fdm sv\u011bt<\/a><\/div><\/h2><div class=\"wpr-grid-item-post_tag elementor-repeater-item-3d74f7a wpr-grid-item-display-block wpr-grid-item-align-left wpr-pointer-none wpr-pointer-line-fx wpr-pointer-fx-fade wpr-grid-tax-style-1\"><div class=\"inner-block\"><a class=\" wpr-tax-id-119\" href=\"https:\/\/malymehrin.cz\/ru\/tag\/ctvrtek-26-unora-v-18-hodin\/\">\u010dtvrtek 26. \u00fanora v 18 hodin<\/a><\/div><\/div><div class=\"wpr-grid-item-separator elementor-repeater-item-ce481a1 wpr-grid-item-display-inline wpr-grid-item-align-left wpr-grid-sep-style-1\"><div class=\"inner-block\"><span><\/span><\/div><\/div><div class=\"wpr-grid-item-excerpt elementor-repeater-item-24dbb9d wpr-grid-item-display-block wpr-grid-item-align-left\"><div class=\"inner-block\"><p>Hieronymus Lorm (1821\u20131902) \u2013 mu\u017e, jen\u017e otev\u0159el hluchoslep\u00fdm sv\u011bt \u010dtvrtek 26. \u00fanora v\u00a018 hod. Hieronymus Lorm (1821\u20131902) \u2013 mu\u017e, jen\u017e...<\/p><\/div><\/div><div class=\"wpr-grid-item-read-more elementor-repeater-item-a500ab0 wpr-grid-item-display-block wpr-grid-item-align-center\"><div class=\"inner-block\"><a target=\"_self\" href=\"https:\/\/malymehrin.cz\/ru\/2026\/01\/26\/hieronymus-lorm-1821-1902-muz-jenz-otevrel-hluchoslepym-svet\/\" class=\"wpr-button-effect wpr-button-none\"><span>Zjistit V\u00edce<\/span><\/a><\/div><\/div><\/div><\/div><\/article><article class=\"wpr-grid-item elementor-clearfix post-3473 post type-post status-publish format-standard has-post-thumbnail hentry category-nezarazene tag-ctvrtek-19-unora-v-18-hod\"><div class=\"wpr-grid-item-inner\"><div class=\"wpr-grid-media-wrap wpr-grayscale-in wpr-effect-size-medium \" data-overlay-link=\"yes\"><div class=\"wpr-grid-image-wrap\" data-src=\"https:\/\/malymehrin.cz\/wp-content\/uploads\/elementor\/thumbs\/kniha-Sousede-ri8gza9lgtxdethn2vr6l3ereqslbk0bb432jpgmcg.webp\" data-img-on-hover=\"\"  data-src-secondary=\"\"><img decoding=\"async\" data-no-lazy=\"1\" src=\"https:\/\/malymehrin.cz\/wp-content\/uploads\/elementor\/thumbs\/kniha-Sousede-ri8gza9lgtxdethn2vr6l3ereqslbk0bb432jpgmcg.webp\" alt=\"Vojt\u011bch Kyncl: Soused\u00e9 ve v\u00e1lce\" class=\"wpr-anim-timing-ease-default\"><\/div><div class=\"wpr-grid-media-hover wpr-animation-wrap\"><div class=\"wpr-grid-media-hover-bg  wpr-overlay-fade-in wpr-anim-size-large wpr-anim-timing-ease-default wpr-anim-transparency\" data-url=\"https:\/\/malymehrin.cz\/ru\/2026\/01\/26\/vojtech-kyncl-sousede-ve-valce\/\"><\/div><\/div><\/div><div class=\"wpr-grid-item-below-content elementor-clearfix\"><h2 class=\"wpr-grid-item-title elementor-repeater-item-1762e86 wpr-grid-item-display-block wpr-grid-item-align-left wpr-pointer-none wpr-pointer-line-fx wpr-pointer-fx-fade\"><div class=\"inner-block\"><a target=\"_self\"  href=\"https:\/\/malymehrin.cz\/ru\/2026\/01\/26\/vojtech-kyncl-sousede-ve-valce\/\">Vojt\u011bch Kyncl: Soused\u00e9 ve v\u00e1lce<\/a><\/div><\/h2><div class=\"wpr-grid-item-post_tag elementor-repeater-item-3d74f7a wpr-grid-item-display-block wpr-grid-item-align-left wpr-pointer-none wpr-pointer-line-fx wpr-pointer-fx-fade wpr-grid-tax-style-1\"><div class=\"inner-block\"><a class=\" wpr-tax-id-112\" href=\"https:\/\/malymehrin.cz\/ru\/tag\/ctvrtek-19-unora-v-18-hod\/\">\u010dtvrtek 19. \u00fanora v\u00a018 hod.<\/a><\/div><\/div><div class=\"wpr-grid-item-separator elementor-repeater-item-ce481a1 wpr-grid-item-display-inline wpr-grid-item-align-left wpr-grid-sep-style-1\"><div class=\"inner-block\"><span><\/span><\/div><\/div><div class=\"wpr-grid-item-excerpt elementor-repeater-item-24dbb9d wpr-grid-item-display-block wpr-grid-item-align-left\"><div class=\"inner-block\"><p>Vojt\u011bch Kyncl: Soused\u00e9 ve v\u00e1lce \u010dtvrtek 19. \u00fanora v\u00a018 hod. lo\u0148sk\u00e9m roce se m\u011bsto T\u0159e\u0161\u0165 spole\u010dn\u011b s historikem Vojt\u011bchem Kynclem...<\/p><\/div><\/div><div class=\"wpr-grid-item-read-more elementor-repeater-item-a500ab0 wpr-grid-item-display-block wpr-grid-item-align-center\"><div class=\"inner-block\"><a target=\"_self\" href=\"https:\/\/malymehrin.cz\/ru\/2026\/01\/26\/vojtech-kyncl-sousede-ve-valce\/\" class=\"wpr-button-effect wpr-button-none\"><span>Zjistit V\u00edce<\/span><\/a><\/div><\/div><\/div><\/div><\/article><article class=\"wpr-grid-item elementor-clearfix post-3466 post type-post status-publish format-standard has-post-thumbnail hentry category-nezarazene\"><div class=\"wpr-grid-item-inner\"><div class=\"wpr-grid-media-wrap wpr-grayscale-in wpr-effect-size-medium \" data-overlay-link=\"yes\"><div class=\"wpr-grid-image-wrap\" data-src=\"https:\/\/malymehrin.cz\/wp-content\/uploads\/elementor\/thumbs\/Kopeckova-3-scaled-ri8gurnimhqrma1ugfgq3qg0n323bx2r0r82iu5q8w.jpg\" data-img-on-hover=\"\"  data-src-secondary=\"\"><img decoding=\"async\" data-no-lazy=\"1\" src=\"https:\/\/malymehrin.cz\/wp-content\/uploads\/elementor\/thumbs\/Kopeckova-3-scaled-ri8gurnimhqrma1ugfgq3qg0n323bx2r0r82iu5q8w.jpg\" alt=\"Komentovan\u00e1 prohl\u00eddka st\u00e1l\u00e9 expozice\" class=\"wpr-anim-timing-ease-default\"><\/div><div class=\"wpr-grid-media-hover wpr-animation-wrap\"><div class=\"wpr-grid-media-hover-bg  wpr-overlay-fade-in wpr-anim-size-large wpr-anim-timing-ease-default wpr-anim-transparency\" data-url=\"https:\/\/malymehrin.cz\/ru\/2026\/01\/26\/komentovana-prohlidka-stale-expozice\/\"><\/div><\/div><\/div><div class=\"wpr-grid-item-below-content elementor-clearfix\"><h2 class=\"wpr-grid-item-title elementor-repeater-item-1762e86 wpr-grid-item-display-block wpr-grid-item-align-left wpr-pointer-none wpr-pointer-line-fx wpr-pointer-fx-fade\"><div class=\"inner-block\"><a target=\"_self\"  href=\"https:\/\/malymehrin.cz\/ru\/2026\/01\/26\/komentovana-prohlidka-stale-expozice\/\">Komentovan\u00e1 prohl\u00eddka st\u00e1l\u00e9 expozice<\/a><\/div><\/h2><div class=\"wpr-grid-item-post_tag elementor-repeater-item-3d74f7a wpr-grid-item-display-block wpr-grid-item-align-left wpr-pointer-none wpr-pointer-line-fx wpr-pointer-fx-fade wpr-grid-tax-style-1\"><div class=\"inner-block\"><\/div><\/div><div class=\"wpr-grid-item-separator elementor-repeater-item-ce481a1 wpr-grid-item-display-inline wpr-grid-item-align-left wpr-grid-sep-style-1\"><div class=\"inner-block\"><span><\/span><\/div><\/div><div class=\"wpr-grid-item-excerpt elementor-repeater-item-24dbb9d wpr-grid-item-display-block wpr-grid-item-align-left\"><div class=\"inner-block\"><p>Komentovan\u00e1 prohl\u00eddka st\u00e1l\u00e9 expozice st\u0159eda 11. \u00fanora v\u00a017 hod. Komentovan\u00e1 prohl\u00eddka st\u00e1l\u00e9 expozice \u00danorov\u00e1 prohl\u00eddka st\u00e1l\u00e9 expozice bude zam\u011b\u0159ena na...<\/p><\/div><\/div><div class=\"wpr-grid-item-read-more elementor-repeater-item-a500ab0 wpr-grid-item-display-block wpr-grid-item-align-center\"><div class=\"inner-block\"><a target=\"_self\" href=\"https:\/\/malymehrin.cz\/ru\/2026\/01\/26\/komentovana-prohlidka-stale-expozice\/\" class=\"wpr-button-effect wpr-button-none\"><span>Zjistit V\u00edce<\/span><\/a><\/div><\/div><\/div><\/div><\/article><article class=\"wpr-grid-item elementor-clearfix post-3431 post type-post status-publish format-standard has-post-thumbnail hentry category-nezarazene tag-utery-27-ledna-v-18-hodin\"><div class=\"wpr-grid-item-inner\"><div class=\"wpr-grid-media-wrap wpr-grayscale-in wpr-effect-size-medium \" data-overlay-link=\"yes\"><div class=\"wpr-grid-image-wrap\" data-src=\"https:\/\/malymehrin.cz\/wp-content\/uploads\/elementor\/thumbs\/Foto-ke-komentovce-rgc0em50w0jisf0uu5l7xgf8eneetj7usrogxmexb4.jpg\" data-img-on-hover=\"\"  data-src-secondary=\"\"><img decoding=\"async\" data-no-lazy=\"1\" src=\"https:\/\/malymehrin.cz\/wp-content\/uploads\/elementor\/thumbs\/Foto-ke-komentovce-rgc0em50w0jisf0uu5l7xgf8eneetj7usrogxmexb4.jpg\" alt=\"Komentovan\u00e1 prohl\u00eddka st\u00e1l\u00e9 expozice Mal\u00e9ho Mehrinu\" class=\"wpr-anim-timing-ease-default\"><\/div><div class=\"wpr-grid-media-hover wpr-animation-wrap\"><div class=\"wpr-grid-media-hover-bg  wpr-overlay-fade-in wpr-anim-size-large wpr-anim-timing-ease-default wpr-anim-transparency\" data-url=\"https:\/\/malymehrin.cz\/ru\/2025\/12\/18\/komentovana-prohlidka-stale-expozice-maleho-mehrinu\/\"><\/div><\/div><\/div><div class=\"wpr-grid-item-below-content elementor-clearfix\"><h2 class=\"wpr-grid-item-title elementor-repeater-item-1762e86 wpr-grid-item-display-block wpr-grid-item-align-left wpr-pointer-none wpr-pointer-line-fx wpr-pointer-fx-fade\"><div class=\"inner-block\"><a target=\"_self\"  href=\"https:\/\/malymehrin.cz\/ru\/2025\/12\/18\/komentovana-prohlidka-stale-expozice-maleho-mehrinu\/\">Komentovan\u00e1 prohl\u00eddka st\u00e1l\u00e9 expozice Mal\u00e9ho Mehrinu<\/a><\/div><\/h2><div class=\"wpr-grid-item-post_tag elementor-repeater-item-3d74f7a wpr-grid-item-display-block wpr-grid-item-align-left wpr-pointer-none wpr-pointer-line-fx wpr-pointer-fx-fade wpr-grid-tax-style-1\"><div class=\"inner-block\"><a class=\" wpr-tax-id-111\" href=\"https:\/\/malymehrin.cz\/ru\/tag\/utery-27-ledna-v-18-hodin\/\">\u00fater\u00fd 27. ledna v 18 hodin<\/a><\/div><\/div><div class=\"wpr-grid-item-separator elementor-repeater-item-ce481a1 wpr-grid-item-display-inline wpr-grid-item-align-left wpr-grid-sep-style-1\"><div class=\"inner-block\"><span><\/span><\/div><\/div><div class=\"wpr-grid-item-excerpt elementor-repeater-item-24dbb9d wpr-grid-item-display-block wpr-grid-item-align-left\"><div class=\"inner-block\"><p>Komentovan\u00e1 prohl\u00eddka st\u00e1l\u00e9 expozice Mal\u00e9ho Mehrinu \u00fater\u00fd 27. ledna v\u00a018 hodin Koncem m\u011bs\u00edce jsme pro v\u00e1s p\u0159ipravili dal\u0161\u00ed komentovanou prohl\u00eddku...<\/p><\/div><\/div><div class=\"wpr-grid-item-read-more elementor-repeater-item-a500ab0 wpr-grid-item-display-block wpr-grid-item-align-center\"><div class=\"inner-block\"><a target=\"_self\" href=\"https:\/\/malymehrin.cz\/ru\/2025\/12\/18\/komentovana-prohlidka-stale-expozice-maleho-mehrinu\/\" class=\"wpr-button-effect wpr-button-none\"><span>Zjistit V\u00edce<\/span><\/a><\/div><\/div><\/div><\/div><\/article><article class=\"wpr-grid-item elementor-clearfix post-3424 post type-post status-publish format-standard has-post-thumbnail hentry category-nezarazene tag-utery-20-ledna-v-18-hodin\"><div class=\"wpr-grid-item-inner\"><div class=\"wpr-grid-media-wrap wpr-grayscale-in wpr-effect-size-medium \" data-overlay-link=\"yes\"><div class=\"wpr-grid-image-wrap\" data-src=\"https:\/\/malymehrin.cz\/wp-content\/uploads\/elementor\/thumbs\/Brno-plaketa-Georg-Placzek-na-dome-cp97-3-na-Svobodaku2013-rgc06q9rk1qxe6h6vqvw0g210a9k8xwx1qnu023ti8.jpg\" data-img-on-hover=\"\"  data-src-secondary=\"\"><img decoding=\"async\" data-no-lazy=\"1\" src=\"https:\/\/malymehrin.cz\/wp-content\/uploads\/elementor\/thumbs\/Brno-plaketa-Georg-Placzek-na-dome-cp97-3-na-Svobodaku2013-rgc06q9rk1qxe6h6vqvw0g210a9k8xwx1qnu023ti8.jpg\" alt=\"Georg Placzek \u2013 Odyssea brn\u011bnsk\u00e9ho jadern\u00e9ho fyzika\" class=\"wpr-anim-timing-ease-default\"><\/div><div class=\"wpr-grid-media-hover wpr-animation-wrap\"><div class=\"wpr-grid-media-hover-bg  wpr-overlay-fade-in wpr-anim-size-large wpr-anim-timing-ease-default wpr-anim-transparency\" data-url=\"https:\/\/malymehrin.cz\/ru\/2025\/12\/18\/georg-placzek-odyssea-brnenskeho-jaderneho-fyzika\/\"><\/div><\/div><\/div><div class=\"wpr-grid-item-below-content elementor-clearfix\"><h2 class=\"wpr-grid-item-title elementor-repeater-item-1762e86 wpr-grid-item-display-block wpr-grid-item-align-left wpr-pointer-none wpr-pointer-line-fx wpr-pointer-fx-fade\"><div class=\"inner-block\"><a target=\"_self\"  href=\"https:\/\/malymehrin.cz\/ru\/2025\/12\/18\/georg-placzek-odyssea-brnenskeho-jaderneho-fyzika\/\">Georg Placzek \u2013 Odyssea brn\u011bnsk\u00e9ho jadern\u00e9ho fyzika<\/a><\/div><\/h2><div class=\"wpr-grid-item-post_tag elementor-repeater-item-3d74f7a wpr-grid-item-display-block wpr-grid-item-align-left wpr-pointer-none wpr-pointer-line-fx wpr-pointer-fx-fade wpr-grid-tax-style-1\"><div class=\"inner-block\"><a class=\" wpr-tax-id-110\" href=\"https:\/\/malymehrin.cz\/ru\/tag\/utery-20-ledna-v-18-hodin\/\">\u00fater\u00fd 20. ledna v 18 hodin<\/a><\/div><\/div><div class=\"wpr-grid-item-separator elementor-repeater-item-ce481a1 wpr-grid-item-display-inline wpr-grid-item-align-left wpr-grid-sep-style-1\"><div class=\"inner-block\"><span><\/span><\/div><\/div><div class=\"wpr-grid-item-excerpt elementor-repeater-item-24dbb9d wpr-grid-item-display-block wpr-grid-item-align-left\"><div class=\"inner-block\"><p>Georg Placzek \u2013 Odyssea brn\u011bnsk\u00e9ho jadern\u00e9ho fyzika \u00fater\u00fd 20. ledna v\u00a018 hodin Brn\u011bnsk\u00fd rod\u00e1k a sv\u011btov\u011b v\u00fdznamn\u00fd fyzik\u00a0Georg Placzek (1905-1955)\u00a0byl...<\/p><\/div><\/div><div class=\"wpr-grid-item-read-more elementor-repeater-item-a500ab0 wpr-grid-item-display-block wpr-grid-item-align-center\"><div class=\"inner-block\"><a target=\"_self\" href=\"https:\/\/malymehrin.cz\/ru\/2025\/12\/18\/georg-placzek-odyssea-brnenskeho-jaderneho-fyzika\/\" class=\"wpr-button-effect wpr-button-none\"><span>Zjistit V\u00edce<\/span><\/a><\/div><\/div><\/div><\/div><\/article><article class=\"wpr-grid-item elementor-clearfix post-3417 post type-post status-publish format-standard has-post-thumbnail hentry category-nezarazene tag-utery-13-ledna-v-18-hodin\"><div class=\"wpr-grid-item-inner\"><div class=\"wpr-grid-media-wrap wpr-grayscale-in wpr-effect-size-medium \" data-overlay-link=\"yes\"><div class=\"wpr-grid-image-wrap\" data-src=\"https:\/\/malymehrin.cz\/wp-content\/uploads\/elementor\/thumbs\/Antisemitismus-Dubinova-rgbzz9fx9fix5pbohiol7bw7432l3i9oos2yqx6exs.jpg\" data-img-on-hover=\"\"  data-src-secondary=\"\"><img decoding=\"async\" data-no-lazy=\"1\" src=\"https:\/\/malymehrin.cz\/wp-content\/uploads\/elementor\/thumbs\/Antisemitismus-Dubinova-rgbzz9fx9fix5pbohiol7bw7432l3i9oos2yqx6exs.jpg\" alt=\"Sou\u010dasn\u00fd antisemitismus: Antisionismus\u00a0\" class=\"wpr-anim-timing-ease-default\"><\/div><div class=\"wpr-grid-media-hover wpr-animation-wrap\"><div class=\"wpr-grid-media-hover-bg  wpr-overlay-fade-in wpr-anim-size-large wpr-anim-timing-ease-default wpr-anim-transparency\" data-url=\"https:\/\/malymehrin.cz\/ru\/2025\/12\/18\/soucasny-antisemitismus-antisionismus\/\"><\/div><\/div><\/div><div class=\"wpr-grid-item-below-content elementor-clearfix\"><h2 class=\"wpr-grid-item-title elementor-repeater-item-1762e86 wpr-grid-item-display-block wpr-grid-item-align-left wpr-pointer-none wpr-pointer-line-fx wpr-pointer-fx-fade\"><div class=\"inner-block\"><a target=\"_self\"  href=\"https:\/\/malymehrin.cz\/ru\/2025\/12\/18\/soucasny-antisemitismus-antisionismus\/\">Sou\u010dasn\u00fd antisemitismus: Antisionismus\u00a0<\/a><\/div><\/h2><div class=\"wpr-grid-item-post_tag elementor-repeater-item-3d74f7a wpr-grid-item-display-block wpr-grid-item-align-left wpr-pointer-none wpr-pointer-line-fx wpr-pointer-fx-fade wpr-grid-tax-style-1\"><div class=\"inner-block\"><a class=\" wpr-tax-id-109\" href=\"https:\/\/malymehrin.cz\/ru\/tag\/utery-13-ledna-v-18-hodin\/\">\u00fater\u00fd 13. ledna v 18 hodin<\/a><\/div><\/div><div class=\"wpr-grid-item-separator elementor-repeater-item-ce481a1 wpr-grid-item-display-inline wpr-grid-item-align-left wpr-grid-sep-style-1\"><div class=\"inner-block\"><span><\/span><\/div><\/div><div class=\"wpr-grid-item-excerpt elementor-repeater-item-24dbb9d wpr-grid-item-display-block wpr-grid-item-align-left\"><div class=\"inner-block\"><p>Sou\u010dasn\u00fd antisemitismus: Antisionismus \u00fater\u00fd 13. ledna v\u00a018 hodin Po p\u0159epaden\u00ed Izraele 7. \u0159\u00edjna 2023 jsme sv\u011bdky mohutn\u00e9 nov\u00e9 vlny antisemitismu....<\/p><\/div><\/div><div class=\"wpr-grid-item-read-more elementor-repeater-item-a500ab0 wpr-grid-item-display-block wpr-grid-item-align-center\"><div class=\"inner-block\"><a target=\"_self\" href=\"https:\/\/malymehrin.cz\/ru\/2025\/12\/18\/soucasny-antisemitismus-antisionismus\/\" class=\"wpr-button-effect wpr-button-none\"><span>Zjistit V\u00edce<\/span><\/a><\/div><\/div><\/div><\/div><\/article><article class=\"wpr-grid-item elementor-clearfix post-3315 post type-post status-publish format-standard has-post-thumbnail hentry category-nezarazene tag-ctvrtek-11-12-v-18-hodin\"><div class=\"wpr-grid-item-inner\"><div class=\"wpr-grid-media-wrap wpr-grayscale-in wpr-effect-size-medium \" data-overlay-link=\"yes\"><div class=\"wpr-grid-image-wrap\" data-src=\"https:\/\/malymehrin.cz\/wp-content\/uploads\/elementor\/thumbs\/torah-7662408_1280-rf2sidltqjrcq0y4f5g6z14jjc83xegjgq5vqbi1b4.jpg\" data-img-on-hover=\"\"  data-src-secondary=\"\"><img decoding=\"async\" data-no-lazy=\"1\" src=\"https:\/\/malymehrin.cz\/wp-content\/uploads\/elementor\/thumbs\/torah-7662408_1280-rf2sidltqjrcq0y4f5g6z14jjc83xegjgq5vqbi1b4.jpg\" alt=\"Jak se slav\u00ed Sv\u00e1tek sv\u011btel?\" class=\"wpr-anim-timing-ease-default\"><\/div><div class=\"wpr-grid-media-hover wpr-animation-wrap\"><div class=\"wpr-grid-media-hover-bg  wpr-overlay-fade-in wpr-anim-size-large wpr-anim-timing-ease-default wpr-anim-transparency\" data-url=\"https:\/\/malymehrin.cz\/ru\/2025\/11\/22\/jak-se-slavi-svatek-svetel\/\"><\/div><\/div><\/div><div class=\"wpr-grid-item-below-content elementor-clearfix\"><h2 class=\"wpr-grid-item-title elementor-repeater-item-1762e86 wpr-grid-item-display-block wpr-grid-item-align-left wpr-pointer-none wpr-pointer-line-fx wpr-pointer-fx-fade\"><div class=\"inner-block\"><a target=\"_self\"  href=\"https:\/\/malymehrin.cz\/ru\/2025\/11\/22\/jak-se-slavi-svatek-svetel\/\">Jak se slav\u00ed Sv\u00e1tek sv\u011btel?<\/a><\/div><\/h2><div class=\"wpr-grid-item-post_tag elementor-repeater-item-3d74f7a wpr-grid-item-display-block wpr-grid-item-align-left wpr-pointer-none wpr-pointer-line-fx wpr-pointer-fx-fade wpr-grid-tax-style-1\"><div class=\"inner-block\"><a class=\" wpr-tax-id-108\" href=\"https:\/\/malymehrin.cz\/ru\/tag\/ctvrtek-11-12-v-18-hodin\/\">\u010dtvrtek 11. 12. v 18 hodin<\/a><\/div><\/div><div class=\"wpr-grid-item-separator elementor-repeater-item-ce481a1 wpr-grid-item-display-inline wpr-grid-item-align-left wpr-grid-sep-style-1\"><div class=\"inner-block\"><span><\/span><\/div><\/div><div class=\"wpr-grid-item-excerpt elementor-repeater-item-24dbb9d wpr-grid-item-display-block wpr-grid-item-align-left\"><div class=\"inner-block\"><p>Jak se slav\u00ed Sv\u00e1tek sv\u011btel? \u010dtvrtek 11. 12. v\u00a018 hodin Kdo zn\u00e1 trochu \u017eidovsk\u00e9 sv\u00e1tky ur\u010dit\u011b hned v\u00ed, jak\u00e9mu sv\u00e1tku...<\/p><\/div><\/div><div class=\"wpr-grid-item-read-more elementor-repeater-item-a500ab0 wpr-grid-item-display-block wpr-grid-item-align-center\"><div class=\"inner-block\"><a target=\"_self\" href=\"https:\/\/malymehrin.cz\/ru\/2025\/11\/22\/jak-se-slavi-svatek-svetel\/\" class=\"wpr-button-effect wpr-button-none\"><span>Zjistit V\u00edce<\/span><\/a><\/div><\/div><\/div><\/div><\/article><article class=\"wpr-grid-item elementor-clearfix post-3308 post type-post status-publish format-standard has-post-thumbnail hentry category-nezarazene tag-utery-2-prosince-v-18-hodin\"><div class=\"wpr-grid-item-inner\"><div class=\"wpr-grid-media-wrap wpr-grayscale-in wpr-effect-size-medium \" data-overlay-link=\"yes\"><div class=\"wpr-grid-image-wrap\" data-src=\"https:\/\/malymehrin.cz\/wp-content\/uploads\/elementor\/thumbs\/mannheimer-rf2rx0pug2iswzyz4x3dbf5hm5hv0zo3v0ip5z62ow.jpg\" data-img-on-hover=\"\"  data-src-secondary=\"\"><img decoding=\"async\" data-no-lazy=\"1\" src=\"https:\/\/malymehrin.cz\/wp-content\/uploads\/elementor\/thumbs\/mannheimer-rf2rx0pug2iswzyz4x3dbf5hm5hv0zo3v0ip5z62ow.jpg\" alt=\"B\u00edl\u00e1 vr\u00e1na\" class=\"wpr-anim-timing-ease-default\"><\/div><div class=\"wpr-grid-media-hover wpr-animation-wrap\"><div class=\"wpr-grid-media-hover-bg  wpr-overlay-fade-in wpr-anim-size-large wpr-anim-timing-ease-default wpr-anim-transparency\" data-url=\"https:\/\/malymehrin.cz\/ru\/2025\/11\/22\/bila-vrana\/\"><\/div><\/div><\/div><div class=\"wpr-grid-item-below-content elementor-clearfix\"><h2 class=\"wpr-grid-item-title elementor-repeater-item-1762e86 wpr-grid-item-display-block wpr-grid-item-align-left wpr-pointer-none wpr-pointer-line-fx wpr-pointer-fx-fade\"><div class=\"inner-block\"><a target=\"_self\"  href=\"https:\/\/malymehrin.cz\/ru\/2025\/11\/22\/bila-vrana\/\">B\u00edl\u00e1 vr\u00e1na<\/a><\/div><\/h2><div class=\"wpr-grid-item-post_tag elementor-repeater-item-3d74f7a wpr-grid-item-display-block wpr-grid-item-align-left wpr-pointer-none wpr-pointer-line-fx wpr-pointer-fx-fade wpr-grid-tax-style-1\"><div class=\"inner-block\"><a class=\" wpr-tax-id-107\" href=\"https:\/\/malymehrin.cz\/ru\/tag\/utery-2-prosince-v-18-hodin\/\">\u00fater\u00fd 2. prosince v 18 hodin<\/a><\/div><\/div><div class=\"wpr-grid-item-separator elementor-repeater-item-ce481a1 wpr-grid-item-display-inline wpr-grid-item-align-left wpr-grid-sep-style-1\"><div class=\"inner-block\"><span><\/span><\/div><\/div><div class=\"wpr-grid-item-excerpt elementor-repeater-item-24dbb9d wpr-grid-item-display-block wpr-grid-item-align-left\"><div class=\"inner-block\"><p>B\u00edl\u00e1 vr\u00e1na \u00fater\u00fd 2. prosince v\u00a018 hodin N\u00e1zev t\u00e9to besedy je stejn\u00fd jako dokument\u00e1rn\u00ed film n\u011bmeck\u00e9 re\u017eis\u00e9rky Carolin Ottov\u00e9, kter\u00e1...<\/p><\/div><\/div><div class=\"wpr-grid-item-read-more elementor-repeater-item-a500ab0 wpr-grid-item-display-block wpr-grid-item-align-center\"><div class=\"inner-block\"><a target=\"_self\" href=\"https:\/\/malymehrin.cz\/ru\/2025\/11\/22\/bila-vrana\/\" class=\"wpr-button-effect wpr-button-none\"><span>Zjistit V\u00edce<\/span><\/a><\/div><\/div><\/div><\/div><\/article><article class=\"wpr-grid-item elementor-clearfix post-3297 post type-post status-publish format-standard has-post-thumbnail hentry category-nezarazene tag-streda-19-listopadu-v-17-hodin\"><div class=\"wpr-grid-item-inner\"><div class=\"wpr-grid-media-wrap wpr-grayscale-in wpr-effect-size-medium \" data-overlay-link=\"yes\"><div class=\"wpr-grid-image-wrap\" data-src=\"https:\/\/malymehrin.cz\/wp-content\/uploads\/elementor\/thumbs\/Mistnost3-pokojik_HolasoMIR3954_72dpi-inet-regwbsiw4f3a8im72kwixrbtnky212bknkfde8s5cw.jpg\" data-img-on-hover=\"\"  data-src-secondary=\"\"><img decoding=\"async\" data-no-lazy=\"1\" src=\"https:\/\/malymehrin.cz\/wp-content\/uploads\/elementor\/thumbs\/Mistnost3-pokojik_HolasoMIR3954_72dpi-inet-regwbsiw4f3a8im72kwixrbtnky212bknkfde8s5cw.jpg\" alt=\"Komentovan\u00e1 prohl\u00eddka st\u00e1l\u00e9 sklepn\u00ed v\u00fdstavy v\u00a0Mal\u00e9m Mehrinu na V\u00edde\u0148sk\u00e9\" class=\"wpr-anim-timing-ease-default\"><\/div><div class=\"wpr-grid-media-hover wpr-animation-wrap\"><div class=\"wpr-grid-media-hover-bg  wpr-overlay-fade-in wpr-anim-size-large wpr-anim-timing-ease-default wpr-anim-transparency\" data-url=\"https:\/\/malymehrin.cz\/ru\/2025\/11\/09\/komentovana-prohlidka-stale-sklepni-vystavy-v-malem-mehrinu-na-videnske\/\"><\/div><\/div><\/div><div class=\"wpr-grid-item-below-content elementor-clearfix\"><h2 class=\"wpr-grid-item-title elementor-repeater-item-1762e86 wpr-grid-item-display-block wpr-grid-item-align-left wpr-pointer-none wpr-pointer-line-fx wpr-pointer-fx-fade\"><div class=\"inner-block\"><a target=\"_self\"  href=\"https:\/\/malymehrin.cz\/ru\/2025\/11\/09\/komentovana-prohlidka-stale-sklepni-vystavy-v-malem-mehrinu-na-videnske\/\">Komentovan\u00e1 prohl\u00eddka st\u00e1l\u00e9 sklepn\u00ed v\u00fdstavy v\u00a0Mal\u00e9m Mehrinu na V\u00edde\u0148sk\u00e9<\/a><\/div><\/h2><div class=\"wpr-grid-item-post_tag elementor-repeater-item-3d74f7a wpr-grid-item-display-block wpr-grid-item-align-left wpr-pointer-none wpr-pointer-line-fx wpr-pointer-fx-fade wpr-grid-tax-style-1\"><div class=\"inner-block\"><a class=\" wpr-tax-id-106\" href=\"https:\/\/malymehrin.cz\/ru\/tag\/streda-19-listopadu-v-17-hodin\/\">st\u0159eda 19. listopadu v\u00a017 hodin<\/a><\/div><\/div><div class=\"wpr-grid-item-separator elementor-repeater-item-ce481a1 wpr-grid-item-display-inline wpr-grid-item-align-left wpr-grid-sep-style-1\"><div class=\"inner-block\"><span><\/span><\/div><\/div><div class=\"wpr-grid-item-excerpt elementor-repeater-item-24dbb9d wpr-grid-item-display-block wpr-grid-item-align-left\"><div class=\"inner-block\"><p>Komentovan\u00e1 prohl\u00eddka st\u00e1l\u00e9 sklepn\u00ed v\u00fdstavy v\u00a0Mal\u00e9m Mehrinu na V\u00edde\u0148sk\u00e9 st\u0159eda 19. listopadu v\u00a017 hodin Komentovan\u00e1 prohl\u00eddka st\u00e1l\u00e9 sklepn\u00ed v\u00fdstavy v\u00a0Mal\u00e9m...<\/p><\/div><\/div><div class=\"wpr-grid-item-read-more elementor-repeater-item-a500ab0 wpr-grid-item-display-block wpr-grid-item-align-center\"><div class=\"inner-block\"><a target=\"_self\" href=\"https:\/\/malymehrin.cz\/ru\/2025\/11\/09\/komentovana-prohlidka-stale-sklepni-vystavy-v-malem-mehrinu-na-videnske\/\" class=\"wpr-button-effect wpr-button-none\"><span>Zjistit V\u00edce<\/span><\/a><\/div><\/div><\/div><\/div><\/article><article class=\"wpr-grid-item elementor-clearfix post-3290 post type-post status-publish format-standard has-post-thumbnail hentry category-nezarazene tag-pondeli-10-listopadu-v-18-hodin\"><div class=\"wpr-grid-item-inner\"><div class=\"wpr-grid-media-wrap wpr-grayscale-in wpr-effect-size-medium \" data-overlay-link=\"yes\"><div class=\"wpr-grid-image-wrap\" data-src=\"https:\/\/malymehrin.cz\/wp-content\/uploads\/elementor\/thumbs\/Ruth_Brosslerova-scaled-regw7vj3n9q9v0azxvyhjqwojs8zygru46kjeql7a8.jpg\" data-img-on-hover=\"\"  data-src-secondary=\"\"><img decoding=\"async\" data-no-lazy=\"1\" src=\"https:\/\/malymehrin.cz\/wp-content\/uploads\/elementor\/thumbs\/Ruth_Brosslerova-scaled-regw7vj3n9q9v0azxvyhjqwojs8zygru46kjeql7a8.jpg\" alt=\"Jak se hled\u00e1 minulost? Kde se uchovala sv\u011bdectv\u00ed o \u017eidovsk\u00fdch obyvatel\u00edch, transportech ajejich osudu za v\u00e1lky?\" class=\"wpr-anim-timing-ease-default\"><\/div><div class=\"wpr-grid-media-hover wpr-animation-wrap\"><div class=\"wpr-grid-media-hover-bg  wpr-overlay-fade-in wpr-anim-size-large wpr-anim-timing-ease-default wpr-anim-transparency\" data-url=\"https:\/\/malymehrin.cz\/ru\/2025\/11\/09\/jak-se-hleda-minulost-kde-se-uchovala-svedectvi-o-zidovskych-obyvatelich-transportech-ajejich-osudu-za-valky\/\"><\/div><\/div><\/div><div class=\"wpr-grid-item-below-content elementor-clearfix\"><h2 class=\"wpr-grid-item-title elementor-repeater-item-1762e86 wpr-grid-item-display-block wpr-grid-item-align-left wpr-pointer-none wpr-pointer-line-fx wpr-pointer-fx-fade\"><div class=\"inner-block\"><a target=\"_self\"  href=\"https:\/\/malymehrin.cz\/ru\/2025\/11\/09\/jak-se-hleda-minulost-kde-se-uchovala-svedectvi-o-zidovskych-obyvatelich-transportech-ajejich-osudu-za-valky\/\">Jak se hled\u00e1 minulost? Kde se uchovala sv\u011bdectv\u00ed o \u017eidovsk\u00fdch obyvatel\u00edch, transportech ajejich osudu za v\u00e1lky?<\/a><\/div><\/h2><div class=\"wpr-grid-item-post_tag elementor-repeater-item-3d74f7a wpr-grid-item-display-block wpr-grid-item-align-left wpr-pointer-none wpr-pointer-line-fx wpr-pointer-fx-fade wpr-grid-tax-style-1\"><div class=\"inner-block\"><a class=\" wpr-tax-id-105\" href=\"https:\/\/malymehrin.cz\/ru\/tag\/pondeli-10-listopadu-v-18-hodin\/\">pond\u011bl\u00ed 10. listopadu v\u00a018 hodin<\/a><\/div><\/div><div class=\"wpr-grid-item-separator elementor-repeater-item-ce481a1 wpr-grid-item-display-inline wpr-grid-item-align-left wpr-grid-sep-style-1\"><div class=\"inner-block\"><span><\/span><\/div><\/div><div class=\"wpr-grid-item-excerpt elementor-repeater-item-24dbb9d wpr-grid-item-display-block wpr-grid-item-align-left\"><div class=\"inner-block\"><p>Jak se hled\u00e1 minulost? Kde se uchovala sv\u011bdectv\u00ed o \u017eidovsk\u00fdch obyvatel\u00edch, transportech a jejich osudu za v\u00e1lky? pond\u011bl\u00ed 10. listopadu...<\/p><\/div><\/div><div class=\"wpr-grid-item-read-more elementor-repeater-item-a500ab0 wpr-grid-item-display-block wpr-grid-item-align-center\"><div class=\"inner-block\"><a target=\"_self\" href=\"https:\/\/malymehrin.cz\/ru\/2025\/11\/09\/jak-se-hleda-minulost-kde-se-uchovala-svedectvi-o-zidovskych-obyvatelich-transportech-ajejich-osudu-za-valky\/\" class=\"wpr-button-effect wpr-button-none\"><span>Zjistit V\u00edce<\/span><\/a><\/div><\/div><\/div><\/div><\/article><article class=\"wpr-grid-item elementor-clearfix post-3283 post type-post status-publish format-standard has-post-thumbnail hentry category-nezarazene tag-pondeli-3-11-v-18-hodin\"><div class=\"wpr-grid-item-inner\"><div class=\"wpr-grid-media-wrap wpr-grayscale-in wpr-effect-size-medium \" data-overlay-link=\"yes\"><div class=\"wpr-grid-image-wrap\" data-src=\"https:\/\/malymehrin.cz\/wp-content\/uploads\/elementor\/thumbs\/23-0038-122-nahled-regw4qqgv5fv5suu8j798jdd9joyasc1ooa9tj8g0w.jpg\" data-img-on-hover=\"\"  data-src-secondary=\"\"><img decoding=\"async\" data-no-lazy=\"1\" src=\"https:\/\/malymehrin.cz\/wp-content\/uploads\/elementor\/thumbs\/23-0038-122-nahled-regw4qqgv5fv5suu8j798jdd9joyasc1ooa9tj8g0w.jpg\" alt=\"Revizionistick\u00e9 hnut\u00ed na Morav\u011b\" class=\"wpr-anim-timing-ease-default\"><\/div><div class=\"wpr-grid-media-hover wpr-animation-wrap\"><div class=\"wpr-grid-media-hover-bg  wpr-overlay-fade-in wpr-anim-size-large wpr-anim-timing-ease-default wpr-anim-transparency\" data-url=\"https:\/\/malymehrin.cz\/ru\/2025\/11\/09\/revizionisticke-hnuti-na-morave\/\"><\/div><\/div><\/div><div class=\"wpr-grid-item-below-content elementor-clearfix\"><h2 class=\"wpr-grid-item-title elementor-repeater-item-1762e86 wpr-grid-item-display-block wpr-grid-item-align-left wpr-pointer-none wpr-pointer-line-fx wpr-pointer-fx-fade\"><div class=\"inner-block\"><a target=\"_self\"  href=\"https:\/\/malymehrin.cz\/ru\/2025\/11\/09\/revizionisticke-hnuti-na-morave\/\">Revizionistick\u00e9 hnut\u00ed na Morav\u011b<\/a><\/div><\/h2><div class=\"wpr-grid-item-post_tag elementor-repeater-item-3d74f7a wpr-grid-item-display-block wpr-grid-item-align-left wpr-pointer-none wpr-pointer-line-fx wpr-pointer-fx-fade wpr-grid-tax-style-1\"><div class=\"inner-block\"><a class=\" wpr-tax-id-104\" href=\"https:\/\/malymehrin.cz\/ru\/tag\/pondeli-3-11-v-18-hodin\/\">pond\u011bl\u00ed 3. 11. v\u00a018 hodin<\/a><\/div><\/div><div class=\"wpr-grid-item-separator elementor-repeater-item-ce481a1 wpr-grid-item-display-inline wpr-grid-item-align-left wpr-grid-sep-style-1\"><div class=\"inner-block\"><span><\/span><\/div><\/div><div class=\"wpr-grid-item-excerpt elementor-repeater-item-24dbb9d wpr-grid-item-display-block wpr-grid-item-align-left\"><div class=\"inner-block\"><p>Revizionistick\u00e9 hnut\u00ed na Morav\u011b pond\u011bl\u00ed 3. 11. v\u00a018 hodin Brno nen\u00ed Praha, nen\u00ed ani V\u00edde\u0148, ale nen\u00ed ani Muka\u010devo. Je...<\/p><\/div><\/div><div class=\"wpr-grid-item-read-more elementor-repeater-item-a500ab0 wpr-grid-item-display-block wpr-grid-item-align-center\"><div class=\"inner-block\"><a target=\"_self\" href=\"https:\/\/malymehrin.cz\/ru\/2025\/11\/09\/revizionisticke-hnuti-na-morave\/\" class=\"wpr-button-effect wpr-button-none\"><span>Zjistit V\u00edce<\/span><\/a><\/div><\/div><\/div><\/div><\/article><article class=\"wpr-grid-item elementor-clearfix post-3275 post type-post status-publish format-standard has-post-thumbnail hentry category-nezarazene tag-29-brezna-2026-v-brne tag-muni-komenskeho-nam-2-zasedaci-mistnost-sira-rogera-scrutona-c-300\"><div class=\"wpr-grid-item-inner\"><div class=\"wpr-grid-media-wrap wpr-grayscale-in wpr-effect-size-medium \" data-overlay-link=\"yes\"><div class=\"wpr-grid-image-wrap\" data-src=\"https:\/\/malymehrin.cz\/wp-content\/uploads\/elementor\/thumbs\/Bila_mista_2026-rdotp6hr9y1djie1yzveps8qzu7jkfvgicvappn5sw.png\" data-img-on-hover=\"\"  data-src-secondary=\"\"><img decoding=\"async\" data-no-lazy=\"1\" src=\"https:\/\/malymehrin.cz\/wp-content\/uploads\/elementor\/thumbs\/Bila_mista_2026-rdotp6hr9y1djie1yzveps8qzu7jkfvgicvappn5sw.png\" alt=\"B\u00edl\u00e1 m\u00edsta \u017eidovsk\u00e9 Moravy a Slovenska &#8211; konference\" class=\"wpr-anim-timing-ease-default\"><\/div><div class=\"wpr-grid-media-hover wpr-animation-wrap\"><div class=\"wpr-grid-media-hover-bg  wpr-overlay-fade-in wpr-anim-size-large wpr-anim-timing-ease-default wpr-anim-transparency\" data-url=\"https:\/\/malymehrin.cz\/ru\/2025\/10\/24\/bila-mista-zidovske-moravy-a-slovenska-konference\/\"><\/div><\/div><\/div><div class=\"wpr-grid-item-below-content elementor-clearfix\"><h2 class=\"wpr-grid-item-title elementor-repeater-item-1762e86 wpr-grid-item-display-block wpr-grid-item-align-left wpr-pointer-none wpr-pointer-line-fx wpr-pointer-fx-fade\"><div class=\"inner-block\"><a target=\"_self\"  href=\"https:\/\/malymehrin.cz\/ru\/2025\/10\/24\/bila-mista-zidovske-moravy-a-slovenska-konference\/\">B\u00edl\u00e1 m\u00edsta \u017eidovsk\u00e9 Moravy a Slovenska &#8211; konference<\/a><\/div><\/h2><div class=\"wpr-grid-item-post_tag elementor-repeater-item-3d74f7a wpr-grid-item-display-block wpr-grid-item-align-left wpr-pointer-none wpr-pointer-line-fx wpr-pointer-fx-fade wpr-grid-tax-style-1\"><div class=\"inner-block\"><a class=\" wpr-tax-id-103\" href=\"https:\/\/malymehrin.cz\/ru\/tag\/29-brezna-2026-v-brne\/\">29. b\u0159ezna 2026 v Brn\u011b<span class=\"tax-sep\">, <\/span><\/a><a class=\" wpr-tax-id-102\" href=\"https:\/\/malymehrin.cz\/ru\/tag\/muni-komenskeho-nam-2-zasedaci-mistnost-sira-rogera-scrutona-c-300\/\">MUNI; Komensk\u00e9ho n\u00e1m. 2; zasedac\u00ed m\u00edstnost Sira Rogera Scrutona \u010d. 300<\/a><\/div><\/div><div class=\"wpr-grid-item-separator elementor-repeater-item-ce481a1 wpr-grid-item-display-inline wpr-grid-item-align-left wpr-grid-sep-style-1\"><div class=\"inner-block\"><span><\/span><\/div><\/div><div class=\"wpr-grid-item-excerpt elementor-repeater-item-24dbb9d wpr-grid-item-display-block wpr-grid-item-align-left\"><div class=\"inner-block\"><p>B\u00edl\u00e1 m\u00edsta \u017eidovsk\u00e9 Moravy a Slovenska \u2013 konference 29. b\u0159ezna 2026 v Brn\u011bMUNI, Komensk\u00e9ho n\u00e1m. 2, zasedac\u00ed m\u00edstnost Sira Rogera...<\/p><\/div><\/div><div class=\"wpr-grid-item-read-more elementor-repeater-item-a500ab0 wpr-grid-item-display-block wpr-grid-item-align-center\"><div class=\"inner-block\"><a target=\"_self\" href=\"https:\/\/malymehrin.cz\/ru\/2025\/10\/24\/bila-mista-zidovske-moravy-a-slovenska-konference\/\" class=\"wpr-button-effect wpr-button-none\"><span>Zjistit V\u00edce<\/span><\/a><\/div><\/div><\/div><\/div><\/article><article class=\"wpr-grid-item elementor-clearfix post-3242 post type-post status-publish format-standard has-post-thumbnail hentry category-nezarazene tag-ctvrtek-23-rijna-v-18-hodin\"><div class=\"wpr-grid-item-inner\"><div class=\"wpr-grid-media-wrap wpr-grayscale-in wpr-effect-size-medium \" data-overlay-link=\"yes\"><div class=\"wpr-grid-image-wrap\" data-src=\"https:\/\/malymehrin.cz\/wp-content\/uploads\/elementor\/thumbs\/Taterova-rc84ivy60cto1rgz16ly34cm19sv91dvd6z1k67b4w.png\" data-img-on-hover=\"\"  data-src-secondary=\"\"><img decoding=\"async\" data-no-lazy=\"1\" src=\"https:\/\/malymehrin.cz\/wp-content\/uploads\/elementor\/thumbs\/Taterova-rc84ivy60cto1rgz16ly34cm19sv91dvd6z1k67b4w.png\" alt=\"7. \u0159\u00edjna 2023 a jeho dopad na geopolitickou mapu Bl\u00edzk\u00e9ho v\u00fdchodu\" class=\"wpr-anim-timing-ease-default\"><\/div><div class=\"wpr-grid-media-hover wpr-animation-wrap\"><div class=\"wpr-grid-media-hover-bg  wpr-overlay-fade-in wpr-anim-size-large wpr-anim-timing-ease-default wpr-anim-transparency\" data-url=\"https:\/\/malymehrin.cz\/ru\/2025\/09\/24\/7-rijna-2023-a-jeho-dopad-na-geopolitickou-mapu-blizkeho-vychodu\/\"><\/div><\/div><\/div><div class=\"wpr-grid-item-below-content elementor-clearfix\"><h2 class=\"wpr-grid-item-title elementor-repeater-item-1762e86 wpr-grid-item-display-block wpr-grid-item-align-left wpr-pointer-none wpr-pointer-line-fx wpr-pointer-fx-fade\"><div class=\"inner-block\"><a target=\"_self\"  href=\"https:\/\/malymehrin.cz\/ru\/2025\/09\/24\/7-rijna-2023-a-jeho-dopad-na-geopolitickou-mapu-blizkeho-vychodu\/\">7. \u0159\u00edjna 2023 a jeho dopad na geopolitickou mapu Bl\u00edzk\u00e9ho v\u00fdchodu<\/a><\/div><\/h2><div class=\"wpr-grid-item-post_tag elementor-repeater-item-3d74f7a wpr-grid-item-display-block wpr-grid-item-align-left wpr-pointer-none wpr-pointer-line-fx wpr-pointer-fx-fade wpr-grid-tax-style-1\"><div class=\"inner-block\"><a class=\" wpr-tax-id-101\" href=\"https:\/\/malymehrin.cz\/ru\/tag\/ctvrtek-23-rijna-v-18-hodin\/\">\u010dtvrtek 23. \u0159\u00edjna v 18 hodin<\/a><\/div><\/div><div class=\"wpr-grid-item-separator elementor-repeater-item-ce481a1 wpr-grid-item-display-inline wpr-grid-item-align-left wpr-grid-sep-style-1\"><div class=\"inner-block\"><span><\/span><\/div><\/div><div class=\"wpr-grid-item-excerpt elementor-repeater-item-24dbb9d wpr-grid-item-display-block wpr-grid-item-align-left\"><div class=\"inner-block\"><p>7. \u0159\u00edjna 2023 a jeho dopad na geopolitickou mapu Bl\u00edzk\u00e9ho v\u00fdchodu \u010dtvrtek 23. \u0159\u00edjna v\u00a018 hodin Dva roky po tragick\u00e9m...<\/p><\/div><\/div><div class=\"wpr-grid-item-read-more elementor-repeater-item-a500ab0 wpr-grid-item-display-block wpr-grid-item-align-center\"><div class=\"inner-block\"><a target=\"_self\" href=\"https:\/\/malymehrin.cz\/ru\/2025\/09\/24\/7-rijna-2023-a-jeho-dopad-na-geopolitickou-mapu-blizkeho-vychodu\/\" class=\"wpr-button-effect wpr-button-none\"><span>Zjistit V\u00edce<\/span><\/a><\/div><\/div><\/div><\/div><\/article><article class=\"wpr-grid-item elementor-clearfix post-3235 post type-post status-publish format-standard has-post-thumbnail hentry category-nezarazene tag-pondeli-20-rijna-v-18-hodin\"><div class=\"wpr-grid-item-inner\"><div class=\"wpr-grid-media-wrap wpr-grayscale-in wpr-effect-size-medium \" data-overlay-link=\"yes\"><div class=\"wpr-grid-image-wrap\" data-src=\"https:\/\/malymehrin.cz\/wp-content\/uploads\/elementor\/thumbs\/Rachel_Efraim_20_10-rc84abn3qp3m9nwt1hcbda5f6w0h4bdwuszs5ewfts.png\" data-img-on-hover=\"\"  data-src-secondary=\"\"><img decoding=\"async\" data-no-lazy=\"1\" src=\"https:\/\/malymehrin.cz\/wp-content\/uploads\/elementor\/thumbs\/Rachel_Efraim_20_10-rc84abn3qp3m9nwt1hcbda5f6w0h4bdwuszs5ewfts.png\" alt=\"Zn\u00e1m v\u00edc ne\u017e jm\u00e9no \u2013 rozhovor\u00a0Efraima Berkovi\u010de\u00a0s Rachel Alon Margalit\u00a0\" class=\"wpr-anim-timing-ease-default\"><\/div><div class=\"wpr-grid-media-hover wpr-animation-wrap\"><div class=\"wpr-grid-media-hover-bg  wpr-overlay-fade-in wpr-anim-size-large wpr-anim-timing-ease-default wpr-anim-transparency\" data-url=\"https:\/\/malymehrin.cz\/ru\/2025\/09\/24\/znam-vic-nez-jmeno-rozhovor-efraima-berkovice-s-rachel-alon-margalit\/\"><\/div><\/div><\/div><div class=\"wpr-grid-item-below-content elementor-clearfix\"><h2 class=\"wpr-grid-item-title elementor-repeater-item-1762e86 wpr-grid-item-display-block wpr-grid-item-align-left wpr-pointer-none wpr-pointer-line-fx wpr-pointer-fx-fade\"><div class=\"inner-block\"><a target=\"_self\"  href=\"https:\/\/malymehrin.cz\/ru\/2025\/09\/24\/znam-vic-nez-jmeno-rozhovor-efraima-berkovice-s-rachel-alon-margalit\/\">Zn\u00e1m v\u00edc ne\u017e jm\u00e9no \u2013 rozhovor\u00a0Efraima Berkovi\u010de\u00a0s Rachel Alon Margalit\u00a0<\/a><\/div><\/h2><div class=\"wpr-grid-item-post_tag elementor-repeater-item-3d74f7a wpr-grid-item-display-block wpr-grid-item-align-left wpr-pointer-none wpr-pointer-line-fx wpr-pointer-fx-fade wpr-grid-tax-style-1\"><div class=\"inner-block\"><a class=\" wpr-tax-id-100\" href=\"https:\/\/malymehrin.cz\/ru\/tag\/pondeli-20-rijna-v-18-hodin\/\">pond\u011bl\u00ed 20. \u0159\u00edjna v 18 hodin<\/a><\/div><\/div><div class=\"wpr-grid-item-separator elementor-repeater-item-ce481a1 wpr-grid-item-display-inline wpr-grid-item-align-left wpr-grid-sep-style-1\"><div class=\"inner-block\"><span><\/span><\/div><\/div><div class=\"wpr-grid-item-excerpt elementor-repeater-item-24dbb9d wpr-grid-item-display-block wpr-grid-item-align-left\"><div class=\"inner-block\"><p>Zn\u00e1m v\u00edc ne\u017e jm\u00e9no \u2013 rozhovor Efraima Berkovi\u010de s Rachel Alon Margalit pond\u011bl\u00ed 20. \u0159\u00edjna v 18 hodin Zveme v\u00e1s...<\/p><\/div><\/div><div class=\"wpr-grid-item-read-more elementor-repeater-item-a500ab0 wpr-grid-item-display-block wpr-grid-item-align-center\"><div class=\"inner-block\"><a target=\"_self\" href=\"https:\/\/malymehrin.cz\/ru\/2025\/09\/24\/znam-vic-nez-jmeno-rozhovor-efraima-berkovice-s-rachel-alon-margalit\/\" class=\"wpr-button-effect wpr-button-none\"><span>Zjistit V\u00edce<\/span><\/a><\/div><\/div><\/div><\/div><\/article><article class=\"wpr-grid-item elementor-clearfix post-3228 post type-post status-publish format-standard has-post-thumbnail hentry category-nezarazene tag-streda-15-rijna-v-17-hodin\"><div class=\"wpr-grid-item-inner\"><div class=\"wpr-grid-media-wrap wpr-grayscale-in wpr-effect-size-medium \" data-overlay-link=\"yes\"><div class=\"wpr-grid-image-wrap\" data-src=\"https:\/\/malymehrin.cz\/wp-content\/uploads\/elementor\/thumbs\/komentovana-prohlidka-rc844lsg5z9tn27tfid0p83h3i73alop2i4g1tdnog.jpg\" data-img-on-hover=\"\"  data-src-secondary=\"\"><img decoding=\"async\" data-no-lazy=\"1\" src=\"https:\/\/malymehrin.cz\/wp-content\/uploads\/elementor\/thumbs\/komentovana-prohlidka-rc844lsg5z9tn27tfid0p83h3i73alop2i4g1tdnog.jpg\" alt=\"Komentovan\u00e1 prohl\u00eddka st\u00e1l\u00e9 sklepn\u00ed v\u00fdstavy v\u00a0Mal\u00e9m Mehrinu\" class=\"wpr-anim-timing-ease-default\"><\/div><div class=\"wpr-grid-media-hover wpr-animation-wrap\"><div class=\"wpr-grid-media-hover-bg  wpr-overlay-fade-in wpr-anim-size-large wpr-anim-timing-ease-default wpr-anim-transparency\" data-url=\"https:\/\/malymehrin.cz\/ru\/2025\/09\/24\/komentovana-prohlidka-stale-sklepni-vystavy-v-malem-mehrinu\/\"><\/div><\/div><\/div><div class=\"wpr-grid-item-below-content elementor-clearfix\"><h2 class=\"wpr-grid-item-title elementor-repeater-item-1762e86 wpr-grid-item-display-block wpr-grid-item-align-left wpr-pointer-none wpr-pointer-line-fx wpr-pointer-fx-fade\"><div class=\"inner-block\"><a target=\"_self\"  href=\"https:\/\/malymehrin.cz\/ru\/2025\/09\/24\/komentovana-prohlidka-stale-sklepni-vystavy-v-malem-mehrinu\/\">Komentovan\u00e1 prohl\u00eddka st\u00e1l\u00e9 sklepn\u00ed v\u00fdstavy v\u00a0Mal\u00e9m Mehrinu<\/a><\/div><\/h2><div class=\"wpr-grid-item-post_tag elementor-repeater-item-3d74f7a wpr-grid-item-display-block wpr-grid-item-align-left wpr-pointer-none wpr-pointer-line-fx wpr-pointer-fx-fade wpr-grid-tax-style-1\"><div class=\"inner-block\"><a class=\" wpr-tax-id-99\" href=\"https:\/\/malymehrin.cz\/ru\/tag\/streda-15-rijna-v-17-hodin\/\">st\u0159eda 15. \u0159\u00edjna v 17 hodin<\/a><\/div><\/div><div class=\"wpr-grid-item-separator elementor-repeater-item-ce481a1 wpr-grid-item-display-inline wpr-grid-item-align-left wpr-grid-sep-style-1\"><div class=\"inner-block\"><span><\/span><\/div><\/div><div class=\"wpr-grid-item-excerpt elementor-repeater-item-24dbb9d wpr-grid-item-display-block wpr-grid-item-align-left\"><div class=\"inner-block\"><p>Komentovan\u00e1 prohl\u00eddka st\u00e1l\u00e9 sklepn\u00ed v\u00fdstavy v Mal\u00e9m Mehrinu st\u0159eda 15. \u0159\u00edjna v\u00a017 hodin Komentovan\u00e1 prohl\u00eddka st\u00e1l\u00e9 sklepn\u00ed v\u00fdstavy v\u00a0Mal\u00e9m Mehrinu...<\/p><\/div><\/div><div class=\"wpr-grid-item-read-more elementor-repeater-item-a500ab0 wpr-grid-item-display-block wpr-grid-item-align-center\"><div class=\"inner-block\"><a target=\"_self\" href=\"https:\/\/malymehrin.cz\/ru\/2025\/09\/24\/komentovana-prohlidka-stale-sklepni-vystavy-v-malem-mehrinu\/\" class=\"wpr-button-effect wpr-button-none\"><span>Zjistit V\u00edce<\/span><\/a><\/div><\/div><\/div><\/div><\/article><article class=\"wpr-grid-item elementor-clearfix post-3221 post type-post status-publish format-standard has-post-thumbnail hentry category-nezarazene tag-ctvrtek-9-rijna-v-18-hodin\"><div class=\"wpr-grid-item-inner\"><div class=\"wpr-grid-media-wrap wpr-grayscale-in wpr-effect-size-medium \" data-overlay-link=\"yes\"><div class=\"wpr-grid-image-wrap\" data-src=\"https:\/\/malymehrin.cz\/wp-content\/uploads\/elementor\/thumbs\/tady-nikdo-neni-jen-ja-rc83ys6ftxavq0oafhr7r6zomkw8m3kjxon6140g80.jpg\" data-img-on-hover=\"\"  data-src-secondary=\"\"><img decoding=\"async\" data-no-lazy=\"1\" src=\"https:\/\/malymehrin.cz\/wp-content\/uploads\/elementor\/thumbs\/tady-nikdo-neni-jen-ja-rc83ys6ftxavq0oafhr7r6zomkw8m3kjxon6140g80.jpg\" alt=\"Milo\u0161 Dole\u017eal: Tady nikdo nen\u00ed, jen j\u00e1\" class=\"wpr-anim-timing-ease-default\"><\/div><div class=\"wpr-grid-media-hover wpr-animation-wrap\"><div class=\"wpr-grid-media-hover-bg  wpr-overlay-fade-in wpr-anim-size-large wpr-anim-timing-ease-default wpr-anim-transparency\" data-url=\"https:\/\/malymehrin.cz\/ru\/2025\/09\/24\/milos-dolezal-tady-nikdo-neni-jen-ja\/\"><\/div><\/div><\/div><div class=\"wpr-grid-item-below-content elementor-clearfix\"><h2 class=\"wpr-grid-item-title elementor-repeater-item-1762e86 wpr-grid-item-display-block wpr-grid-item-align-left wpr-pointer-none wpr-pointer-line-fx wpr-pointer-fx-fade\"><div class=\"inner-block\"><a target=\"_self\"  href=\"https:\/\/malymehrin.cz\/ru\/2025\/09\/24\/milos-dolezal-tady-nikdo-neni-jen-ja\/\">Milo\u0161 Dole\u017eal: Tady nikdo nen\u00ed, jen j\u00e1<\/a><\/div><\/h2><div class=\"wpr-grid-item-post_tag elementor-repeater-item-3d74f7a wpr-grid-item-display-block wpr-grid-item-align-left wpr-pointer-none wpr-pointer-line-fx wpr-pointer-fx-fade wpr-grid-tax-style-1\"><div class=\"inner-block\"><a class=\" wpr-tax-id-98\" href=\"https:\/\/malymehrin.cz\/ru\/tag\/ctvrtek-9-rijna-v-18-hodin\/\">\u010dtvrtek 9. \u0159\u00edjna v 18 hodin<\/a><\/div><\/div><div class=\"wpr-grid-item-separator elementor-repeater-item-ce481a1 wpr-grid-item-display-inline wpr-grid-item-align-left wpr-grid-sep-style-1\"><div class=\"inner-block\"><span><\/span><\/div><\/div><div class=\"wpr-grid-item-excerpt elementor-repeater-item-24dbb9d wpr-grid-item-display-block wpr-grid-item-align-left\"><div class=\"inner-block\"><p>Milo\u0161 Dole\u017eal: Tady nikdo nen\u00ed, jen j\u00e1 \u010dtvrtek 9. \u0159\u00edjna v 18 hodin Milo\u0161 Dole\u017eal (1970) je p\u0159edn\u00ed \u010desk\u00fd b\u00e1sn\u00edk,...<\/p><\/div><\/div><div class=\"wpr-grid-item-read-more elementor-repeater-item-a500ab0 wpr-grid-item-display-block wpr-grid-item-align-center\"><div class=\"inner-block\"><a target=\"_self\" href=\"https:\/\/malymehrin.cz\/ru\/2025\/09\/24\/milos-dolezal-tady-nikdo-neni-jen-ja\/\" class=\"wpr-button-effect wpr-button-none\"><span>Zjistit V\u00edce<\/span><\/a><\/div><\/div><\/div><\/div><\/article><article class=\"wpr-grid-item elementor-clearfix post-3215 post type-post status-publish format-standard has-post-thumbnail hentry category-nezarazene tag-nam-svobody-u-moroveho-sloupu tag-utery-7-rijna-od-16-do-17-hodin\"><div class=\"wpr-grid-item-inner\"><div class=\"wpr-grid-media-wrap wpr-grayscale-in wpr-effect-size-medium \" data-overlay-link=\"yes\"><div class=\"wpr-grid-image-wrap\" data-src=\"https:\/\/malymehrin.cz\/wp-content\/uploads\/elementor\/thumbs\/7.rijna_-rc83ls2tafi347k8cvf09h44sozg4ty85brd1baiao.png\" data-img-on-hover=\"\"  data-src-secondary=\"\"><img decoding=\"async\" data-no-lazy=\"1\" src=\"https:\/\/malymehrin.cz\/wp-content\/uploads\/elementor\/thumbs\/7.rijna_-rc83ls2tafi347k8cvf09h44sozg4ty85brd1baiao.png\" alt=\"Ve\u0159ejn\u00e1 p\u0159ipom\u00ednka ud\u00e1lost\u00ed 7. \u0159\u00edjna 2023\" class=\"wpr-anim-timing-ease-default\"><\/div><div class=\"wpr-grid-media-hover wpr-animation-wrap\"><div class=\"wpr-grid-media-hover-bg  wpr-overlay-fade-in wpr-anim-size-large wpr-anim-timing-ease-default wpr-anim-transparency\" data-url=\"https:\/\/malymehrin.cz\/ru\/2025\/09\/24\/verejna-pripominka-udalosti-7-rijna-2023\/\"><\/div><\/div><\/div><div class=\"wpr-grid-item-below-content elementor-clearfix\"><h2 class=\"wpr-grid-item-title elementor-repeater-item-1762e86 wpr-grid-item-display-block wpr-grid-item-align-left wpr-pointer-none wpr-pointer-line-fx wpr-pointer-fx-fade\"><div class=\"inner-block\"><a target=\"_self\"  href=\"https:\/\/malymehrin.cz\/ru\/2025\/09\/24\/verejna-pripominka-udalosti-7-rijna-2023\/\">Ve\u0159ejn\u00e1 p\u0159ipom\u00ednka ud\u00e1lost\u00ed 7. \u0159\u00edjna 2023<\/a><\/div><\/h2><div class=\"wpr-grid-item-post_tag elementor-repeater-item-3d74f7a wpr-grid-item-display-block wpr-grid-item-align-left wpr-pointer-none wpr-pointer-line-fx wpr-pointer-fx-fade wpr-grid-tax-style-1\"><div class=\"inner-block\"><a class=\" wpr-tax-id-97\" href=\"https:\/\/malymehrin.cz\/ru\/tag\/nam-svobody-u-moroveho-sloupu\/\">n\u00e1m. Svobody u morov\u00e9ho sloupu<span class=\"tax-sep\">, <\/span><\/a><a class=\" wpr-tax-id-95\" href=\"https:\/\/malymehrin.cz\/ru\/tag\/utery-7-rijna-od-16-do-17-hodin\/\">\u00fater\u00fd 7. \u0159\u00edjna od 16 do 17 hodin<\/a><\/div><\/div><div class=\"wpr-grid-item-separator elementor-repeater-item-ce481a1 wpr-grid-item-display-inline wpr-grid-item-align-left wpr-grid-sep-style-1\"><div class=\"inner-block\"><span><\/span><\/div><\/div><div class=\"wpr-grid-item-excerpt elementor-repeater-item-24dbb9d wpr-grid-item-display-block wpr-grid-item-align-left\"><div class=\"inner-block\"><p>Ve\u0159ejn\u00e1 p\u0159ipom\u00ednka ud\u00e1lost\u00ed 7. \u0159\u00edjna 2023 n\u00e1m. Svobody u morov\u00e9ho sloupu \u00fater\u00fd 7. \u0159\u00edjna od 16 do 17 hodin Ve\u0159ejn\u00e1...<\/p><\/div><\/div><div class=\"wpr-grid-item-read-more elementor-repeater-item-a500ab0 wpr-grid-item-display-block wpr-grid-item-align-center\"><div class=\"inner-block\"><a target=\"_self\" href=\"https:\/\/malymehrin.cz\/ru\/2025\/09\/24\/verejna-pripominka-udalosti-7-rijna-2023\/\" class=\"wpr-button-effect wpr-button-none\"><span>Zjistit V\u00edce<\/span><\/a><\/div><\/div><\/div><\/div><\/article><article class=\"wpr-grid-item elementor-clearfix post-3207 post type-post status-publish format-standard has-post-thumbnail hentry category-nezarazene tag-utery-7-rijna-od-9-do-13-hodin\"><div class=\"wpr-grid-item-inner\"><div class=\"wpr-grid-media-wrap wpr-grayscale-in wpr-effect-size-medium \" data-overlay-link=\"yes\"><div class=\"wpr-grid-image-wrap\" data-src=\"https:\/\/malymehrin.cz\/wp-content\/uploads\/elementor\/thumbs\/7.rijna_-rc83ls2tafi347k8cvf09h44sozg4ty85brd1baiao.png\" data-img-on-hover=\"\"  data-src-secondary=\"\"><img decoding=\"async\" data-no-lazy=\"1\" src=\"https:\/\/malymehrin.cz\/wp-content\/uploads\/elementor\/thumbs\/7.rijna_-rc83ls2tafi347k8cvf09h44sozg4ty85brd1baiao.png\" alt=\"P\u0159ipom\u00ednka ud\u00e1lost\u00ed 7. \u0159\u00edjna 2023\" class=\"wpr-anim-timing-ease-default\"><\/div><div class=\"wpr-grid-media-hover wpr-animation-wrap\"><div class=\"wpr-grid-media-hover-bg  wpr-overlay-fade-in wpr-anim-size-large wpr-anim-timing-ease-default wpr-anim-transparency\" data-url=\"https:\/\/malymehrin.cz\/ru\/2025\/09\/24\/pripominka-udalosti-7-rijna-2023\/\"><\/div><\/div><\/div><div class=\"wpr-grid-item-below-content elementor-clearfix\"><h2 class=\"wpr-grid-item-title elementor-repeater-item-1762e86 wpr-grid-item-display-block wpr-grid-item-align-left wpr-pointer-none wpr-pointer-line-fx wpr-pointer-fx-fade\"><div class=\"inner-block\"><a target=\"_self\"  href=\"https:\/\/malymehrin.cz\/ru\/2025\/09\/24\/pripominka-udalosti-7-rijna-2023\/\">P\u0159ipom\u00ednka ud\u00e1lost\u00ed 7. \u0159\u00edjna 2023<\/a><\/div><\/h2><div class=\"wpr-grid-item-post_tag elementor-repeater-item-3d74f7a wpr-grid-item-display-block wpr-grid-item-align-left wpr-pointer-none wpr-pointer-line-fx wpr-pointer-fx-fade wpr-grid-tax-style-1\"><div class=\"inner-block\"><a class=\" wpr-tax-id-94\" href=\"https:\/\/malymehrin.cz\/ru\/tag\/utery-7-rijna-od-9-do-13-hodin\/\">\u00fater\u00fd 7. \u0159\u00edjna od 9 do 13 hodin<\/a><\/div><\/div><div class=\"wpr-grid-item-separator elementor-repeater-item-ce481a1 wpr-grid-item-display-inline wpr-grid-item-align-left wpr-grid-sep-style-1\"><div class=\"inner-block\"><span><\/span><\/div><\/div><div class=\"wpr-grid-item-excerpt elementor-repeater-item-24dbb9d wpr-grid-item-display-block wpr-grid-item-align-left\"><div class=\"inner-block\"><p>P\u0159ipom\u00ednka ud\u00e1lost\u00ed 7. \u0159\u00edjna 2023 \u00fater\u00fd 7. \u0159\u00edjna od 9 do 13 hodin P\u0159ipom\u00ednka ud\u00e1lost\u00ed 7. \u0159\u00edjna 2023, kdy teroristick\u00e9...<\/p><\/div><\/div><div class=\"wpr-grid-item-read-more elementor-repeater-item-a500ab0 wpr-grid-item-display-block wpr-grid-item-align-center\"><div class=\"inner-block\"><a target=\"_self\" href=\"https:\/\/malymehrin.cz\/ru\/2025\/09\/24\/pripominka-udalosti-7-rijna-2023\/\" class=\"wpr-button-effect wpr-button-none\"><span>Zjistit V\u00edce<\/span><\/a><\/div><\/div><\/div><\/div><\/article><\/section><div class=\"wpr-grid-pagination elementor-clearfix wpr-grid-pagination-load-more\" data-pages=\"4\"><a href=\"https:\/\/malymehrin.cz\/ru\/wp-json\/wp\/v2\/pages\/130\/page\/2\/\" class=\"wpr-load-more-btn\" data-e-disable-page-transition >V\u00edce ud\u00e1lost\u00ed<\/a><div class=\"wpr-pagination-loading\"><div class=\"wpr-double-bounce\"><div class=\"wpr-child wpr-double-bounce1\"><\/div><div class=\"wpr-child wpr-double-bounce2\"><\/div><\/div><\/div><p class=\"wpr-pagination-finish\">Toto je prozat\u00edm v\u0161e<\/p><\/div>\t\t\t\t<\/div>\n\t\t\t\t<\/div>\n\t\t\t\t<div class=\"elementor-element elementor-element-a5d646a elementor-widget elementor-widget-spacer\" data-id=\"a5d646a\" data-element_type=\"widget\" data-e-type=\"widget\" data-widget_type=\"spacer.default\">\n\t\t\t\t<div class=\"elementor-widget-container\">\n\t\t\t\t\t\t\t<div class=\"elementor-spacer\">\n\t\t\t<div class=\"elementor-spacer-inner\"><\/div>\n\t\t<\/div>\n\t\t\t\t\t\t<\/div>\n\t\t\t\t<\/div>\n\t\t\t\t\t<\/div>\n\t\t<\/div>\n\t\t\t\t\t<\/div>\n\t\t<\/section>\n\t\t\t\t<\/div>\n\t\t","protected":false},"excerpt":{"rendered":"<p>\u0421\u043e\u0431\u044b\u0442\u0438\u044f \u0438 \u043f\u0440\u043e\u0433\u0440\u0430\u043c\u043c\u0430 \u0412\u0441\u0435 \u041f\u043e\u0441\u0442\u044b \u041d\u0435\u0437\u0430\u0440\u0436\u0430\u0437\u0435\u043d\u0435 \u042d\u043a\u0441\u043a\u0443\u0440\u0441\u0438\u044f \u043f\u043e \u043f\u043e\u0441\u0442\u043e\u044f\u043d\u043d\u043e\u0439 \u044d\u043a\u0441\u043f\u043e\u0437\u0438\u0446\u0438\u0438 \u041f\u043e\u043d\u0435\u0434\u0435\u043b\u044c\u043d\u0438\u043a, 9 \u043c\u0430\u0440\u0442\u0430 \u0432 17:00 \u041c\u0430\u0440\u0442\u043e\u0432\u0441\u043a\u0430\u044f \u044d\u043a\u0441\u043a\u0443\u0440\u0441\u0438\u044f \u043f\u043e \u043f\u043e\u0441\u0442\u043e\u044f\u043d\u043d\u043e\u0439 \u044d\u043a\u0441\u043f\u043e\u0437\u0438\u0446\u0438\u0438 \u0441 \u0438\u0441\u0442\u043e\u0440\u0438\u043a\u043e\u043c \u042f\u043a\u0443\u0431\u043e\u043c \u041a\u0440\u0436\u0438\u0436\u0435\u043c \u0431\u0443\u0434\u0435\u0442 \u043f\u043e\u0441\u0432\u044f\u0449\u0435\u043d\u0430 \u0432\u0430\u0436\u043d\u044b\u043c, \u043d\u044b\u043d\u0435 \u043d\u0435\u0441\u043a\u043e\u043b\u044c\u043a\u043e \u0437\u0430\u0431\u044b\u0442\u044b\u043c \u0435\u0432\u0440\u0435\u0439\u0441\u043a\u0438\u043c \u0430\u0440\u0445\u0438\u0442\u0435\u043a\u0442\u043e\u0440\u0430\u043c... \u041f\u043e\u043a\u0430\u0437\u0430\u0442\u044c \u0435\u0449\u0435 \u0411\u0435\u043b\u044b\u0435 \u043c\u0435\u0441\u0442\u0430 \u0435\u0432\u0440\u0435\u0439\u0441\u043a\u043e\u0439 \u041c\u043e\u0440\u0430\u0432\u0438\u0438 \u0438 \u0421\u043b\u043e\u0432\u0430\u043a\u0438\u0438 2026 - \u043f\u0440\u043e\u0433\u0440\u0430\u043c\u043c\u0430 \u0412\u043e\u0441\u043a\u0440\u0435\u0441\u0435\u043d\u044c\u0435, 29 \u043c\u0430\u0440\u0442\u0430 \u0432 9:00. \u0412 \u044d\u0442\u043e\u043c \u0433\u043e\u0434\u0443 \u0434\u043e\u043a\u043b\u0430\u0434\u044b \u0431\u0443\u0434\u0443\u0442 \u043f\u043e\u0441\u0432\u044f\u0449\u0435\u043d\u044b \u043c\u043e\u0440\u0430\u0432\u0441\u043a\u043e-\u0441\u043b\u043e\u0432\u0430\u0446\u043a\u0438\u043c \u043f\u0435\u0440\u0435\u0441\u0435\u0447\u0435\u043d\u0438\u044f\u043c \u0432\u043d\u0443\u0442\u0440\u0438... \u041f\u043e\u0434\u0440\u043e\u0431\u043d\u0435\u0435 \u0418\u0435\u0440\u043e\u043d\u0438\u043c \u041b\u043e\u0440\u043c (1821-1902) - \u0447\u0435\u043b\u043e\u0432\u0435\u043a, \u043e\u0442\u043a\u0440\u044b\u0432\u0448\u0438\u0439 \u043c\u0438\u0440 \u0434\u043b\u044f \u0441\u043b\u0435\u043f\u043e\u0433\u043b\u0443\u0445\u0438\u0445 \u0427\u0435\u0442\u0432\u0435\u0440\u0433, 26 \u0444\u0435\u0432\u0440\u0430\u043b\u044f \u0432 18:00 \u0418\u0435\u0440\u043e\u043d\u0438\u043c \u041b\u043e\u0440\u043c (1821-1902) - \u0447\u0435\u043b\u043e\u0432\u0435\u043a, \u043e\u0442\u043a\u0440\u044b\u0432\u0448\u0438\u0439 \u043c\u0438\u0440 \u0434\u043b\u044f \u0441\u043b\u0435\u043f\u043e\u0433\u043b\u0443\u0445\u0438\u0445 \u0427\u0435\u0442\u0432\u0435\u0440\u0433, 26 \u0444\u0435\u0432\u0440\u0430\u043b\u044f \u0432 18:00. \u0418\u0435\u0440\u043e\u043d\u0438\u043c \u041b\u043e\u0440\u043c (1821-1902) - \u0447\u0435\u043b\u043e\u0432\u0435\u043a, \u043a\u043e\u0442\u043e\u0440\u044b\u0439... \u041f\u043e\u043a\u0430\u0437\u0430\u0442\u044c \u0435\u0449\u0435 \u0412\u043e\u0439\u0442\u0435\u0445 \u041a\u0438\u043d\u043a\u043b: \u0421\u043e\u0441\u0435\u0434\u0438 \u043d\u0430 \u0432\u043e\u0439\u043d\u0435 \u0427\u0435\u0442\u0432\u0435\u0440\u0433, 19 \u0444\u0435\u0432\u0440\u0430\u043b\u044f \u0432 18.00. \u0412\u043e\u0439\u0442\u0435\u0445 \u041a\u0438\u043d\u0446\u043b: \u0421\u043e\u0441\u0435\u0434\u0438 \u043d\u0430 \u0432\u043e\u0439\u043d\u0435 \u0427\u0435\u0442\u0432\u0435\u0440\u0433, 19 \u0444\u0435\u0432\u0440\u0430\u043b\u044f \u0432 18.00 \u0412 \u043f\u0440\u043e\u0448\u043b\u043e\u043c \u0433\u043e\u0434\u0443 \u0433\u043e\u0440\u043e\u0434 \u0422\u0440\u0448\u0435\u0448\u0442 \u0432\u043c\u0435\u0441\u0442\u0435 \u0441 \u0438\u0441\u0442\u043e\u0440\u0438\u043a\u043e\u043c \u0412\u043e\u0439\u0442\u0435\u0445\u043e\u043c \u041a\u0438\u043d\u0446\u043b\u043e\u043c... \u041f\u043e\u043a\u0430\u0437\u0430\u0442\u044c \u0435\u0449\u0435 \u042d\u043a\u0441\u043a\u0443\u0440\u0441\u0438\u044f \u043f\u043e \u043f\u043e\u0441\u0442\u043e\u044f\u043d\u043d\u043e\u0439 \u044d\u043a\u0441\u043f\u043e\u0437\u0438\u0446\u0438\u0438 \u042d\u043a\u0441\u043a\u0443\u0440\u0441\u0438\u044f \u043f\u043e \u043f\u043e\u0441\u0442\u043e\u044f\u043d\u043d\u043e\u0439 \u044d\u043a\u0441\u043f\u043e\u0437\u0438\u0446\u0438\u0438 \u0421\u0440\u0435\u0434\u0430, 11 \u0444\u0435\u0432\u0440\u0430\u043b\u044f \u0432 17.00. \u041f\u043e\u043a\u0430\u0437\u0430\u0442\u044c \u0435\u0449\u0435 \u042d\u043a\u0441\u043a\u0443\u0440\u0441\u0438\u044f \u043f\u043e \u043f\u043e\u0441\u0442\u043e\u044f\u043d\u043d\u043e\u0439 \u044d\u043a\u0441\u043f\u043e\u0437\u0438\u0446\u0438\u0438 \u0412\u0442\u043e\u0440\u043d\u0438\u043a, 27 \u044f\u043d\u0432\u0430\u0440\u044f \u0432 18:00 \u042d\u043a\u0441\u043a\u0443\u0440\u0441\u0438\u044f \u043f\u043e \u043f\u043e\u0441\u0442\u043e\u044f\u043d\u043d\u043e\u0439 \u044d\u043a\u0441\u043f\u043e\u0437\u0438\u0446\u0438\u0438 \u0412\u0442\u043e\u0440\u043d\u0438\u043a, 27 \u044f\u043d\u0432\u0430\u0440\u044f \u0432 18:00 \u0412 \u043a\u043e\u043d\u0446\u0435 \u043c\u0435\u0441\u044f\u0446\u0430 \u043c\u044b \u043f\u043e\u0434\u0433\u043e\u0442\u043e\u0432\u0438\u043b\u0438 \u0435\u0449\u0435 \u043e\u0434\u043d\u0443 \u044d\u043a\u0441\u043a\u0443\u0440\u0441\u0438\u044e \u043f\u043e \u043f\u043e\u0441\u0442\u043e\u044f\u043d\u043d\u043e\u0439 \u044d\u043a\u0441\u043f\u043e\u0437\u0438\u0446\u0438\u0438... \u041f\u043e\u043a\u0430\u0437\u0430\u0442\u044c \u0435\u0449\u0435 \u0413\u0435\u043e\u0440\u0433 \u041f\u043b\u0430\u0447\u0435\u043a - \u043e\u0434\u0438\u0441\u0441\u0435\u044f \u0444\u0438\u0437\u0438\u043a\u0430-\u044f\u0434\u0435\u0440\u0449\u0438\u043a\u0430 \u0438\u0437 \u0411\u0440\u043d\u043e \u0412\u0442\u043e\u0440\u043d\u0438\u043a, 20 \u044f\u043d\u0432\u0430\u0440\u044f \u0432 18:00 \u042d\u043a\u0441\u043a\u0443\u0440\u0441\u0438\u044f \u043f\u043e \u043f\u043e\u0441\u0442\u043e\u044f\u043d\u043d\u043e\u0439 \u044d\u043a\u0441\u043f\u043e\u0437\u0438\u0446\u0438\u0438 \u041c\u0430\u043b\u043e\u0433\u043e \u041c\u0435\u0440\u0438\u043d\u0430 \u0412\u0442\u043e\u0440\u043d\u0438\u043a, 20 \u044f\u043d\u0432\u0430\u0440\u044f \u0432 18:00. \u0413\u0435\u043e\u0440\u0433 \u041f\u043b\u0430\u0447\u0435\u043a - \u043e\u0434\u0438\u0441\u0441\u0435\u044f \u0444\u0438\u0437\u0438\u043a\u0430-\u044f\u0434\u0435\u0440\u0449\u0438\u043a\u0430 \u0438\u0437 \u0411\u0440\u043d\u043e \u0412\u0442\u043e\u0440\u043d\u0438\u043a, 20 \u044f\u043d\u0432\u0430\u0440\u044f \u0432 18.00 \u0423\u0440\u043e\u0436\u0435\u043d\u0435\u0446 \u0411\u0440\u043d\u043e, \u0432\u0441\u0435\u043c\u0438\u0440\u043d\u043e \u0438\u0437\u0432\u0435\u0441\u0442\u043d\u044b\u0439 \u0444\u0438\u0437\u0438\u043a \u0413\u0435\u043e\u0440\u0433 \u041f\u043b\u0430\u0447\u0435\u043a (1905-1955) \u0431\u044b\u043b... \u041f\u043e\u043a\u0430\u0437\u0430\u0442\u044c \u0435\u0449\u0435 \u0421\u043e\u0432\u0440\u0435\u043c\u0435\u043d\u043d\u044b\u0439 \u0430\u043d\u0442\u0438\u0441\u0435\u043c\u0438\u0442\u0438\u0437\u043c. \u041f\u043e\u0434\u0440\u043e\u0431\u043d\u0435\u0435 \u041a\u0430\u043a \u043e\u0442\u043c\u0435\u0447\u0430\u0435\u0442\u0441\u044f \u041f\u0440\u0430\u0437\u0434\u043d\u0438\u043a \u0441\u0432\u0435\u0442\u0430 \u0427\u0435\u0442\u0432\u0435\u0440\u0433, 11 \u0434\u0435\u043a\u0430\u0431\u0440\u044f \u0432 18.00 \u041a\u0430\u043a \u043e\u0442\u043c\u0435\u0447\u0430\u0435\u0442\u0441\u044f \u041f\u0440\u0430\u0437\u0434\u043d\u0438\u043a \u0441\u0432\u0435\u0442\u0430 \u0427\u0435\u0442\u0432\u0435\u0440\u0433, 11 \u0434\u0435\u043a\u0430\u0431\u0440\u044f \u0432 18.00 \u041b\u044e\u0431\u043e\u0439, \u043a\u0442\u043e \u0445\u043e\u0442\u044c \u043d\u0435\u043c\u043d\u043e\u0433\u043e \u0437\u043d\u0430\u043a\u043e\u043c \u0441 \u0435\u0432\u0440\u0435\u0439\u0441\u043a\u0438\u043c\u0438 \u043f\u0440\u0430\u0437\u0434\u043d\u0438\u043a\u0430\u043c\u0438, \u0441\u0440\u0430\u0437\u0443 \u043f\u043e\u0439\u043c\u0435\u0442, \u043a\u0430\u043a\u043e\u0439 \u043f\u0440\u0430\u0437\u0434\u043d\u0438\u043a... \u041f\u043e\u0434\u0440\u043e\u0431\u043d\u0435\u0435 \u0411\u0435\u043b\u0430\u044f \u0432\u043e\u0440\u043e\u043d\u0430 \u0412\u0442\u043e\u0440\u043d\u0438\u043a, 2 \u0434\u0435\u043a\u0430\u0431\u0440\u044f \u0432 18.00 \u0411\u0435\u043b\u0430\u044f \u0432\u043e\u0440\u043e\u043d\u0430 \u0412\u0442\u043e\u0440\u043d\u0438\u043a, 2 \u0434\u0435\u043a\u0430\u0431\u0440\u044f \u0432 18.00. \u0414\u0435\u043a\u0430\u0431\u0440\u044c \u0432 18:00 \u041d\u0430\u0437\u0432\u0430\u043d\u0438\u0435 \u044d\u0442\u043e\u0439 \u0431\u0435\u0441\u0435\u0434\u044b \u0441\u043e\u0432\u043f\u0430\u0434\u0430\u0435\u0442 \u0441 \u043d\u0430\u0437\u0432\u0430\u043d\u0438\u0435\u043c \u0434\u043e\u043a\u0443\u043c\u0435\u043d\u0442\u0430\u043b\u044c\u043d\u043e\u0433\u043e \u0444\u0438\u043b\u044c\u043c\u0430 \u043d\u0435\u043c\u0435\u0446\u043a\u043e\u0433\u043e \u0440\u0435\u0436\u0438\u0441\u0441\u0435\u0440\u0430 \u041a\u0430\u0440\u043e\u043b\u0438\u043d \u041e\u0442\u0442, \u043a\u043e\u0442\u043e\u0440\u0430\u044f... \u041f\u043e\u0434\u0440\u043e\u0431\u043d\u0435\u0435 \u042d\u043a\u0441\u043a\u0443\u0440\u0441\u0438\u044f \u043f\u043e \u043f\u043e\u0441\u0442\u043e\u044f\u043d\u043d\u043e\u0439 \u044d\u043a\u0441\u043f\u043e\u0437\u0438\u0446\u0438\u0438 \u043f\u043e\u0434\u0432\u0430\u043b\u0430 \u0432 \u041c\u0430\u043b\u043e\u043c \u041c\u0435\u0440\u0438\u043d\u0435 \u043d\u0430 \u0412\u0435\u043d\u0441\u043a\u043e\u0439 \u0443\u043b\u0438\u0446\u0435 \u0421\u0440\u0435\u0434\u0430, 19 \u043d\u043e\u044f\u0431\u0440\u044f \u0432 17:00 \u042d\u043a\u0441\u043a\u0443\u0440\u0441\u0438\u044f \u043f\u043e \u043f\u043e\u0441\u0442\u043e\u044f\u043d\u043d\u043e\u0439 \u044d\u043a\u0441\u043f\u043e\u0437\u0438\u0446\u0438\u0438 \u043f\u043e\u0434\u0432\u0430\u043b\u0430 \u0432 \u041c\u0430\u043b\u043e\u043c \u041c\u0435\u0440\u0438\u043d\u0435 \u043d\u0430 \u0412\u0435\u043d\u0441\u043a\u043e\u0439 \u0443\u043b\u0438\u0446\u0435 \u0421\u0440\u0435\u0434\u0430, 19 \u043d\u043e\u044f\u0431\u0440\u044f \u0432 17:00 \u042d\u043a\u0441\u043a\u0443\u0440\u0441\u0438\u044f \u043f\u043e \u043f\u043e\u0441\u0442\u043e\u044f\u043d\u043d\u043e\u0439 \u044d\u043a\u0441\u043f\u043e\u0437\u0438\u0446\u0438\u0438 \u043f\u043e\u0434\u0432\u0430\u043b\u0430 \u0432... \u041f\u043e\u0434\u0440\u043e\u0431\u043d\u0435\u0435 \u041a\u0430\u043a \u043d\u0430\u0439\u0442\u0438 \u043f\u0440\u043e\u0448\u043b\u043e\u0435? \u0413\u0434\u0435 \u0441\u043e\u0445\u0440\u0430\u043d\u0438\u043b\u0438\u0441\u044c \u0441\u0432\u0438\u0434\u0435\u0442\u0435\u043b\u044c\u0441\u0442\u0432\u0430 \u043e \u0435\u0432\u0440\u0435\u0439\u0441\u043a\u0438\u0445 \u0436\u0438\u0442\u0435\u043b\u044f\u0445, \u043f\u0435\u0440\u0435\u0432\u043e\u0437\u043a\u0430\u0445 \u0438 \u0438\u0445 \u0441\u0443\u0434\u044c\u0431\u0435 \u0432\u043e \u0432\u0440\u0435\u043c\u044f \u0432\u043e\u0439\u043d\u044b? \u041f\u043e\u043d\u0435\u0434\u0435\u043b\u044c\u043d\u0438\u043a, 10 \u043d\u043e\u044f\u0431\u0440\u044f, 18:00 \u041a\u0430\u043a \u0438\u0441\u043a\u0430\u0442\u044c \u043f\u0440\u043e\u0448\u043b\u043e\u0435? \u0413\u0434\u0435 \u0441\u043e\u0445\u0440\u0430\u043d\u0438\u043b\u0438\u0441\u044c \u0441\u0432\u0438\u0434\u0435\u0442\u0435\u043b\u044c\u0441\u0442\u0432\u0430 \u0435\u0432\u0440\u0435\u0439\u0441\u043a\u0438\u0445 \u0436\u0438\u0442\u0435\u043b\u0435\u0439, \u0442\u0440\u0430\u043d\u0441\u043f\u043e\u0440\u0442\u043e\u0432 \u0438 \u0438\u0445 \u0441\u0443\u0434\u044c\u0431\u044b \u0432\u043e \u0432\u0440\u0435\u043c\u044f \u0432\u043e\u0439\u043d\u044b? \u041f\u043e\u043d\u0435\u0434\u0435\u043b\u044c\u043d\u0438\u043a, 10 \u043d\u043e\u044f\u0431\u0440\u044f... \u0423\u0437\u043d\u0430\u0442\u044c \u0431\u043e\u043b\u044c\u0448\u0435 \u0420\u0435\u0432\u0438\u0437\u0438\u043e\u043d\u0438\u0441\u0442\u0441\u043a\u043e\u0435 \u0434\u0432\u0438\u0436\u0435\u043d\u0438\u0435 \u0432 \u041c\u043e\u0440\u0430\u0432\u0438\u0438 \u041f\u043e\u043d\u0435\u0434\u0435\u043b\u044c\u043d\u0438\u043a, 3 \u043d\u043e\u044f\u0431\u0440\u044f \u0432 18.00 \u0420\u0435\u0432\u0438\u0437\u0438\u043e\u043d\u0438\u0441\u0442\u0441\u043a\u043e\u0435 \u0434\u0432\u0438\u0436\u0435\u043d\u0438\u0435 \u0432 \u041c\u043e\u0440\u0430\u0432\u0438\u0438 \u041f\u043e\u043d\u0435\u0434\u0435\u043b\u044c\u043d\u0438\u043a, 3 \u043d\u043e\u044f\u0431\u0440\u044f \u0432 18.00 \u0411\u0440\u043d\u043e - \u044d\u0442\u043e \u043d\u0435 \u041f\u0440\u0430\u0433\u0430, \u043d\u0435 \u0412\u0435\u043d\u0430, \u043d\u043e \u0438 \u043d\u0435 \u041c\u0443\u043a\u0430\u0447\u0435\u0432\u043e. \u042d\u0442\u043e... \u041f\u043e\u0434\u0440\u043e\u0431\u043d\u0435\u0435 \u0411\u0435\u043b\u044b\u0435 \u043c\u0435\u0441\u0442\u0430 \u0435\u0432\u0440\u0435\u0439\u0441\u043a\u043e\u0439 \u041c\u043e\u0440\u0430\u0432\u0438\u0438 \u0438 \u0421\u043b\u043e\u0432\u0430\u043a\u0438\u0438 - \u043a\u043e\u043d\u0444\u0435\u0440\u0435\u043d\u0446\u0438\u044f 29 \u043c\u0430\u0440\u0442\u0430 2026 \u0433\u043e\u0434\u0430 \u0432 \u0411\u0440\u043d\u043e, MUNI; Komensk\u00e9ho n\u00e1m. 2; Sir Roger Scruton Meeting Room 300 \u0411\u0435\u043b\u044b\u0435 \u043c\u0435\u0441\u0442\u0430 \u0435\u0432\u0440\u0435\u0439\u0441\u043a\u043e\u0439 \u041c\u043e\u0440\u0430\u0432\u0438\u0438 \u0438 \u0421\u043b\u043e\u0432\u0430\u043a\u0438\u0438 - \u043a\u043e\u043d\u0444\u0435\u0440\u0435\u043d\u0446\u0438\u044f 29.  20 \u043e\u043a\u0442\u044f\u0431\u0440\u044f \u0432 18.00 \u0414\u0432\u0430 \u0433\u043e\u0434\u0430 \u0441\u043f\u0443\u0441\u0442\u044f \u043f\u043e\u0441\u043b\u0435 \u0442\u0440\u0430\u0433\u0438\u0447\u0435\u0441\u043a\u043e\u0433\u043e... \u041f\u043e\u0434\u0440\u043e\u0431\u043d\u0435\u0435 \u042f \u0437\u043d\u0430\u044e \u0431\u043e\u043b\u044c\u0448\u0435, \u0447\u0435\u043c \u0438\u043c\u044f - \u0438\u043d\u0442\u0435\u0440\u0432\u044c\u044e \u042d\u0444\u0440\u0430\u0438\u043c\u0430 \u0411\u0435\u0440\u043a\u043e\u0432\u0438\u0447\u0430 \u0441 \u0420\u0430\u0445\u0435\u043b\u044c\u044e \u0410\u043b\u043e\u043d \u041c\u0430\u0440\u0433\u0430\u043b\u0438\u0442 \u041f\u043e\u043d\u0435\u0434\u0435\u043b\u044c\u043d\u0438\u043a, 20 \u043e\u043a\u0442\u044f\u0431\u0440\u044f \u0432 18.00 \u042f \u0437\u043d\u0430\u044e \u0431\u043e\u043b\u044c\u0448\u0435, \u0447\u0435\u043c \u0438\u043c\u044f - \u0438\u043d\u0442\u0435\u0440\u0432\u044c\u044e \u042d\u0444\u0440\u0430\u0438\u043c\u0430 \u0411\u0435\u0440\u043a\u043e\u0432\u0438\u0447\u0430 \u0441 \u0420\u0430\u0445\u0435\u043b\u044c\u044e \u0410\u043b\u043e\u043d \u041c\u0430\u0440\u0433\u0430\u043b\u0438\u0442 \u041f\u043e\u043d\u0435\u0434\u0435\u043b\u044c\u043d\u0438\u043a, 20 \u043e\u043a\u0442\u044f\u0431\u0440\u044f \u0432 18.00. \u041e\u043a\u0442\u044f\u0431\u0440\u044c \u0432 18:00 \u041f\u0440\u0438\u0433\u043b\u0430\u0448\u0430\u0435\u043c \u0432\u0430\u0441... \u0423\u0437\u043d\u0430\u0442\u044c \u0431\u043e\u043b\u044c\u0448\u0435 \u042d\u043a\u0441\u043a\u0443\u0440\u0441\u0438\u044f \u043f\u043e \u043f\u043e\u0441\u0442\u043e\u044f\u043d\u043d\u043e\u0439 \u044d\u043a\u0441\u043f\u043e\u0437\u0438\u0446\u0438\u0438 \u043f\u043e\u0433\u0440\u0435\u0431\u0430 \u0432 \u041c\u0430\u043b\u043e\u043c \u041c\u0435\u0440\u0438\u043d\u0435 \u0421\u0440\u0435\u0434\u0430, 15 \u043e\u043a\u0442\u044f\u0431\u0440\u044f \u0432 17:00 \u042d\u043a\u0441\u043a\u0443\u0440\u0441\u0438\u044f \u043f\u043e \u043f\u043e\u0441\u0442\u043e\u044f\u043d\u043d\u043e\u0439 \u044d\u043a\u0441\u043f\u043e\u0437\u0438\u0446\u0438\u0438 \u043f\u043e\u0433\u0440\u0435\u0431\u0430 \u0432 \u041c\u0430\u043b\u043e\u043c \u041c\u0435\u0440\u0438\u043d\u0435 \u0421\u0440\u0435\u0434\u0430, 15 \u043e\u043a\u0442\u044f\u0431\u0440\u044f \u0432 17:00 \u042d\u043a\u0441\u043a\u0443\u0440\u0441\u0438\u044f \u043f\u043e \u043f\u043e\u0441\u0442\u043e\u044f\u043d\u043d\u043e\u0439 \u044d\u043a\u0441\u043f\u043e\u0437\u0438\u0446\u0438\u0438 \u043f\u043e\u0433\u0440\u0435\u0431\u0430 \u0432... \u0423\u0437\u043d\u0430\u0442\u044c \u0431\u043e\u043b\u044c\u0448\u0435 \u041c\u0438\u043b\u043e\u0448 \u0414\u043e\u043b\u0435\u0436\u0430\u043b: \u0417\u0434\u0435\u0441\u044c \u043d\u0435\u0442 \u043d\u0438\u043a\u043e\u0433\u043e, \u043a\u0440\u043e\u043c\u0435 \u043c\u0435\u043d\u044f \u0427\u0435\u0442\u0432\u0435\u0440\u0433, 9 \u043e\u043a\u0442\u044f\u0431\u0440\u044f \u0432 18:00 \u041c\u0438\u043b\u043e\u0448 \u0414\u043e\u043b\u0435\u0436\u0430\u043b\u044c: \u0417\u0434\u0435\u0441\u044c \u043d\u0435\u0442 \u043d\u0438\u043a\u043e\u0433\u043e, \u043a\u0440\u043e\u043c\u0435 \u043c\u0435\u043d\u044f \u0427\u0435\u0442\u0432\u0435\u0440\u0433, 9 \u043e\u043a\u0442\u044f\u0431\u0440\u044f \u0432 18:00 \u041c\u0438\u043b\u043e\u0448 \u0414\u043e\u043b\u0435\u0436\u0430\u043b (1970) - \u0432\u0435\u0434\u0443\u0449\u0438\u0439 \u0447\u0435\u0448\u0441\u043a\u0438\u0439 \u043f\u043e\u044d\u0442,... \u041f\u043e\u043a\u0430\u0437\u0430\u0442\u044c \u0435\u0449\u0435 \u041e\u0431\u0449\u0435\u0441\u0442\u0432\u0435\u043d\u043d\u0430\u044f \u043f\u0430\u043c\u044f\u0442\u044c \u043e \u0441\u043e\u0431\u044b\u0442\u0438\u044f\u0445 7 \u043e\u043a\u0442\u044f\u0431\u0440\u044f 2023 \u0433\u043e\u0434\u0430 \u043d\u0430 \u043d\u0430\u0431. \u0421\u0432\u043e\u0431\u043e\u0434\u0430 \u0443 \u0427\u0443\u043c\u043d\u043e\u0439 \u043a\u043e\u043b\u043e\u043d\u043d\u044b, \u0432\u0442\u043e\u0440\u043d\u0438\u043a 7 \u043e\u043a\u0442\u044f\u0431\u0440\u044f \u0441 16 \u0434\u043e 17 \u0447\u0430\u0441\u043e\u0432 \u041e\u0431\u0449\u0435\u0441\u0442\u0432\u0435\u043d\u043d\u043e\u0435 \u043f\u043e\u043c\u0438\u043d\u043e\u0432\u0435\u043d\u0438\u0435 \u0441\u043e\u0431\u044b\u0442\u0438\u0439 7 \u043e\u043a\u0442\u044f\u0431\u0440\u044f 2023 \u0433\u043e\u0434\u0430 \u043d\u0430\u043c. \u0421\u0432\u043e\u0431\u043e\u0434\u0430 \u0443 \u0427\u0443\u043c\u043d\u043e\u0439 \u043a\u043e\u043b\u043e\u043d\u043d\u044b, \u0432\u0442\u043e\u0440\u043d\u0438\u043a 7 \u043e\u043a\u0442\u044f\u0431\u0440\u044f \u0441 16 \u0434\u043e 17 \u0447\u0430\u0441\u043e\u0432 \u041e\u0431\u0449\u0435\u0441\u0442\u0432\u0435\u043d\u043d\u043e\u0435... \u041f\u043e\u0434\u0440\u043e\u0431\u043d\u0435\u0435 \u041f\u0430\u043c\u044f\u0442\u044c \u043e \u0441\u043e\u0431\u044b\u0442\u0438\u044f\u0445 7 \u043e\u043a\u0442\u044f\u0431\u0440\u044f 2023 \u0433\u043e\u0434\u0430 \u0412\u0442\u043e\u0440\u043d\u0438\u043a 7 \u043e\u043a\u0442\u044f\u0431\u0440\u044f \u0441 9.00 \u0434\u043e 13.00 \u041f\u0430\u043c\u044f\u0442\u044c \u043e \u0441\u043e\u0431\u044b\u0442\u0438\u044f\u0445 7 \u043e\u043a\u0442\u044f\u0431\u0440\u044f 2023 \u0433\u043e\u0434\u0430 \u0412\u0442\u043e\u0440\u043d\u0438\u043a 7 \u043e\u043a\u0442\u044f\u0431\u0440\u044f \u0441 9.00 \u0434\u043e 13.00. \u041e\u043a\u0442\u044f\u0431\u0440\u044c \u0441 9.00 \u0434\u043e 13.00 \u041f\u0430\u043c\u044f\u0442\u044c \u043e \u0441\u043e\u0431\u044b\u0442\u0438\u044f\u0445 7 \u043e\u043a\u0442\u044f\u0431\u0440\u044f 2023 \u0433\u043e\u0434\u0430, \u043a\u043e\u0433\u0434\u0430 \u0442\u0435\u0440\u0440\u043e\u0440\u0438\u0441\u0442\u0438\u0447\u0435\u0441\u043a\u0430\u044f... \u041f\u043e\u0434\u0440\u043e\u0431\u043d\u0435\u0435 \u0421\u0435\u043c\u0438\u043d\u0430\u0440 IWalk \u0432 \u0411\u0440\u043d\u043e 3\/11\/2025 14:30 \u0421\u0435\u043c\u0438\u043d\u0430\u0440 IWalk \u0432 \u0411\u0440\u043d\u043e \u0414\u0430\u0442\u0430: \u041f\u043e\u043a\u0430\u0437\u0430\u0442\u044c \u0435\u0449\u0435 \u0412\u0441\u0442\u0440\u0435\u0447\u0430 \u0441 \u0433\u043e\u043b\u043e\u0441\u0430\u043c\u0438 \u0412\u0442\u043e\u0440\u043d\u0438\u043a, 30 \u0441\u0435\u043d\u0442\u044f\u0431\u0440\u044f \u0432 18.00 \u0412\u0441\u0442\u0440\u0435\u0447\u0430 \u0441 \u0433\u043e\u043b\u043e\u0441\u0430\u043c\u0438 \u0412\u0442\u043e\u0440\u043d\u0438\u043a, 30 \u0441\u0435\u043d\u0442\u044f\u0431\u0440\u044f \u0432 18.00 \u041f\u0440\u0438\u0433\u043b\u0430\u0448\u0430\u0435\u043c \u0432\u0430\u0441 \u043d\u0430 \u043e\u0442\u043a\u0440\u044b\u0442\u0438\u0435 \u0442\u0435\u043a\u0443\u0449\u0435\u0439 \u0430\u0443\u0434\u0438\u043e\u0432\u0438\u0437\u0443\u0430\u043b\u044c\u043d\u043e\u0439 \u0432\u044b\u0441\u0442\u0430\u0432\u043a\u0438 \u043f\u0438\u0441\u0435\u043c \u0438\u0437 \u0425\u043e\u043b\u043e\u043a\u043e\u0441\u0442\u0430... \u041f\u043e\u043a\u0430\u0437\u0430\u0442\u044c \u0435\u0449\u0435 \u042d\u043a\u0441\u043a\u0443\u0440\u0441\u0438\u044f \u043f\u043e \u043f\u043e\u0441\u0442\u043e\u044f\u043d\u043d\u043e\u0439 \u044d\u043a\u0441\u043f\u043e\u0437\u0438\u0446\u0438\u0438 \u0432 \u041c\u0430\u043b\u043e\u043c \u041c\u0435\u0440\u0438\u043d\u0435 \u0421\u0440\u0435\u0434\u0430, 10 \u0441\u0435\u043d\u0442\u044f\u0431\u0440\u044f \u0432 17.00 \u042d\u043a\u0441\u043a\u0443\u0440\u0441\u0438\u044f \u043f\u043e \u043f\u043e\u0441\u0442\u043e\u044f\u043d\u043d\u043e\u0439 \u044d\u043a\u0441\u043f\u043e\u0437\u0438\u0446\u0438\u0438 \u0432 \u041c\u0430\u043b\u043e\u043c \u041c\u0435\u0440\u0438\u043d\u0435 \u0421\u0440\u0435\u0434\u0430, 10 \u0441\u0435\u043d\u0442\u044f\u0431\u0440\u044f \u0432 17.00. \u0421\u0435\u043d\u0442\u044f\u0431\u0440\u044c \u0432 17.00 \u0412 \u043f\u043e\u0434\u0432\u0430\u043b\u0435... \u041f\u043e\u0434\u0440\u043e\u0431\u043d\u0435\u0435 \u041e\u0442\u043a\u0440\u044b\u0442\u0438\u0435 \u0432\u044b\u0441\u0442\u0430\u0432\u043a\u0438 \u201e\u0413\u043e\u043b\u043e\u0441\u0430\u201c \u0427\u0435\u0442\u0432\u0435\u0440\u0433, 4 \u0441\u0435\u043d\u0442\u044f\u0431\u0440\u044f \u0441 14.00 \u0434\u043e 18.00 \u041e\u0442\u043a\u0440\u044b\u0442\u0438\u0435 \u0432\u044b\u0441\u0442\u0430\u0432\u043a\u0438 \"\u0413\u043e\u043b\u043e\u0441\u0430\" \u0427\u0435\u0442\u0432\u0435\u0440\u0433, 4 \u0441\u0435\u043d\u0442\u044f\u0431\u0440\u044f \u0441 14.00 \u0434\u043e 18.00 \u0421\u0435\u043d\u0442\u044f\u0431\u0440\u044c \u0441 14.00 \u0434\u043e 18.00 \u041f\u0440\u0438\u0445\u043e\u0434\u0438\u0442\u0435 \u043f\u043e\u0441\u043b\u0443\u0448\u0430\u0442\u044c \"\u0433\u043e\u043b\u043e\u0441\u0430 \u043f\u0438\u0441\u0435\u043c\", \u043a\u043e\u0442\u043e\u0440\u044b\u0435 \u043c\u044b... \u041f\u043e\u0434\u0440\u043e\u0431\u043d\u0435\u0435 \u0418\u0441\u0447\u0435\u0437\u043d\u0443\u0432\u0448\u0438\u0435 \u0441\u043e\u0441\u0435\u0434\u0438 \u0438\u043b\u0438 \u041f\u043e \u0441\u043b\u0435\u0434\u0430\u043c \u0435\u0432\u0440\u0435\u0439\u0441\u043a\u0438\u0445 \u0436\u0438\u0442\u0435\u043b\u0435\u0439 \u0416\u0438\u0434\u043b\u043e\u0445\u043e\u0432\u0438\u0446 \u0412\u043e\u0441\u043a\u0440\u0435\u0441\u0435\u043d\u044c\u0435 15 \u0438\u044e\u043d\u044f \u0441 14.00 \u0418\u0441\u0447\u0435\u0437\u043d\u0443\u0432\u0448\u0438\u0435 \u0441\u043e\u0441\u0435\u0434\u0438 \u0438\u043b\u0438 \u041f\u043e \u0441\u043b\u0435\u0434\u0430\u043c \u0435\u0432\u0440\u0435\u0439\u0441\u043a\u0438\u0445 \u0436\u0438\u0442\u0435\u043b\u0435\u0439 \u0416\u0438\u0434\u043b\u043e\u0445\u043e\u0432\u0438\u0446 \u0412\u043e\u0441\u043a\u0440\u0435\u0441\u0435\u043d\u044c\u0435 15 \u0438\u044e\u043d\u044f \u0441 14.00 \u041f\u043e\u043a\u0430\u0437\u0430\u0442\u044c \u0435\u0449\u0435 \u0414\u0430\u043d\u0438\u044d\u043b\u0430 \u0413\u0440\u043e\u043b\u043b\u043e\u0432\u0430-\u0421\u043f\u0435\u043d\u0441\u0435\u0440. 11 \u0438\u044e\u043d\u044f \u0432 18.00 \u0418\u0441\u0442\u043e\u0440\u0438\u043a \u0414\u0430\u043d\u0438\u044d\u043b\u0430 \u0413\u0440\u043e\u043b\u043b\u043e\u0432\u0430-\u0421\u043f\u0435\u043d\u0441\u0435\u0440, \u0436\u0438\u0432\u0443\u0449\u0430\u044f \u0432 \u041c\u0435\u043a\u0441\u0438\u043a\u0435, \u043d\u043e \u0440\u043e\u0434\u043e\u043c \u0438\u0437... \u041f\u043e\u0434\u0440\u043e\u0431\u043d\u0435\u0435 \u0418\u0441\u0442\u043e\u0440\u0438\u0438 \u0432\u043b\u0430\u0434\u0435\u043b\u044c\u0446\u0435\u0432 \u0435\u0432\u0440\u0435\u0439\u0441\u043a\u0438\u0445 \u043a\u043e\u043b\u043b\u0435\u043a\u0446\u0438\u0439 \u043f\u0440\u043e\u0438\u0437\u0432\u0435\u0434\u0435\u043d\u0438\u0439 \u0438\u0441\u043a\u0443\u0441\u0441\u0442\u0432\u0430 \u0438 \u043f\u043e\u0438\u0441\u043a\u0438 \u0438\u0445 \u043a\u043e\u043d\u0444\u0438\u0441\u043a\u043e\u0432\u0430\u043d\u043d\u043e\u0433\u043e \u0438\u043c\u0443\u0449\u0435\u0441\u0442\u0432\u0430 \u0421\u0440\u0435\u0434\u0430 4. 4 \u0438\u044e\u043d\u044f \u0432 18:00 \u0418\u0441\u0442\u043e\u0440\u0438\u0438 \u0432\u043b\u0430\u0434\u0435\u043b\u044c\u0446\u0435\u0432 \u0435\u0432\u0440\u0435\u0439\u0441\u043a\u0438\u0445 \u0445\u0443\u0434\u043e\u0436\u0435\u0441\u0442\u0432\u0435\u043d\u043d\u044b\u0445 \u043a\u043e\u043b\u043b\u0435\u043a\u0446\u0438\u0439 \u0438 \u043f\u043e\u0438\u0441\u043a\u0438 \u0438\u0445 \u043a\u043e\u043d\u0444\u0438\u0441\u043a\u043e\u0432\u0430\u043d\u043d\u043e\u0433\u043e \u0438\u043c\u0443\u0449\u0435\u0441\u0442\u0432\u0430 \u0421\u0440\u0435\u0434\u0430, 4 \u0438\u044e\u043d\u044f \u0432 18:00 \u041b\u0435\u043a\u0446\u0438\u044f \u0431\u0443\u0434\u0435\u0442 \u0432\u043a\u043b\u044e\u0447\u0430\u0442\u044c \u0438\u0441\u0442\u043e\u0440\u0438\u0438 \u0442\u0440\u0435\u0445... \u0423\u0437\u043d\u0430\u0442\u044c \u0431\u043e\u043b\u044c\u0448\u0435 \u041c\u043e\u0440\u0430\u0432\u0441\u043a\u043e\u0435 \u0441\u0435\u043c\u0435\u0439\u043d\u043e\u0435 \u043d\u0430\u0441\u043b\u0435\u0434\u0438\u0435 19-23 \u043c\u0430\u044f \u0421\u0435\u0440\u0438\u044f \u043f\u0443\u0431\u043b\u0438\u0447\u043d\u044b\u0445 \u0434\u0438\u0441\u043a\u0443\u0441\u0441\u0438\u0439 \"\u041c\u043e\u0440\u0430\u0432\u0441\u043a\u043e\u0435 \u0441\u0435\u043c\u0435\u0439\u043d\u043e\u0435 \u043d\u0430\u0441\u043b\u0435\u0434\u0438\u0435\" \u0441 \u0434\u043e\u043a\u0442\u043e\u0440\u043e\u043c \u042d\u043d\u043d \u041c. \u0410\u043b\u044c\u0442\u043c\u0430\u043d, \u0434\u043e\u043a\u0442\u043e\u0440\u043e\u043c \u0444\u0438\u043b\u043e\u0441\u043e\u0444\u0438\u0438, 19-23 \u043c\u0430\u044f \u0421\u0435\u0440\u0438\u044f \u043f\u0443\u0431\u043b\u0438\u0447\u043d\u044b\u0445 \u0434\u0438\u0441\u043a\u0443\u0441\u0441\u0438\u0439 \"\u041c\u043e\u0440\u0430\u0432\u0441\u043a\u043e\u0435 \u0441\u0435\u043c\u0435\u0439\u043d\u043e\u0435 \u043d\u0430\u0441\u043b\u0435\u0434\u0438\u0435\" \u0441 \u0434\u043e\u043a\u0442\u043e\u0440\u043e\u043c \u042d\u043d\u043d \u041c. \u0410\u043b\u044c\u0442\u043c\u0430\u043d, \u0434\u043e\u043a\u0442\u043e\u0440\u043e\u043c \u0444\u0438\u043b\u043e\u0441\u043e\u0444\u0438\u0438....-23 \u043c\u0430\u044f \u042d\u043d\u043d \u0410\u043b\u044c\u0442\u043c\u0430\u043d \u0440\u043e\u0434\u0438\u043b\u0430\u0441\u044c \u0432 1947 \u0433\u043e\u0434\u0443... \u041f\u043e\u043a\u0430\u0437\u0430\u0442\u044c \u0435\u0449\u0435 \u041a\u0430\u0440\u0434\u0438\u043d\u0430\u043b \u041c\u0438\u0445\u0430\u044d\u043b\u044c \u0427\u0435\u0440\u043d\u0438 - \u0441\u0432\u044f\u0449\u0435\u043d\u043d\u0438\u043a \u0441 \u0435\u0432\u0440\u0435\u0439\u0441\u043a\u0438\u043c\u0438 \u043a\u043e\u0440\u043d\u044f\u043c\u0438 Kino Art Cihl\u00e1\u0159sk\u00e1 19 \u0411\u0440\u043d\u043e, \u0441\u0440\u0435\u0434\u0430, 28 \u043c\u0430\u044f \u0432 17:00 \u041a\u0430\u0440\u0434\u0438\u043d\u0430\u043b \u041c\u0438\u0445\u0430\u044d\u043b\u044c<\/p>","protected":false},"author":1,"featured_media":0,"parent":0,"menu_order":0,"comment_status":"closed","ping_status":"closed","template":"elementor_header_footer","meta":{"_acf_changed":false,"footnotes":""},"class_list":["post-130","page","type-page","status-publish","hentry"],"acf":[],"_links":{"self":[{"href":"https:\/\/malymehrin.cz\/ru\/wp-json\/wp\/v2\/pages\/130","targetHints":{"allow":["GET"]}}],"collection":[{"href":"https:\/\/malymehrin.cz\/ru\/wp-json\/wp\/v2\/pages"}],"about":[{"href":"https:\/\/malymehrin.cz\/ru\/wp-json\/wp\/v2\/types\/page"}],"author":[{"embeddable":true,"href":"https:\/\/malymehrin.cz\/ru\/wp-json\/wp\/v2\/users\/1"}],"replies":[{"embeddable":true,"href":"https:\/\/malymehrin.cz\/ru\/wp-json\/wp\/v2\/comments?post=130"}],"version-history":[{"count":148,"href":"https:\/\/malymehrin.cz\/ru\/wp-json\/wp\/v2\/pages\/130\/revisions"}],"predecessor-version":[{"id":3859,"href":"https:\/\/malymehrin.cz\/ru\/wp-json\/wp\/v2\/pages\/130\/revisions\/3859"}],"wp:attachment":[{"href":"https:\/\/malymehrin.cz\/ru\/wp-json\/wp\/v2\/media?parent=130"}],"curies":[{"name":"wp","href":"https:\/\/api.w.org\/{rel}","templated":true}]}}